{"id":275,"date":"2022-03-01T08:33:30","date_gmt":"2022-03-01T07:33:30","guid":{"rendered":"https:\/\/www.espacefinance.com\/133881bdd\/?page_id=275"},"modified":"2022-04-08T17:54:51","modified_gmt":"2022-04-08T15:54:51","slug":"assurances-professionnelles","status":"publish","type":"page","link":"https:\/\/www.espacefinance.com\/133881bdd\/assurances-particuliers-professionnel-entreprise\/assurances-professionnelles\/","title":{"rendered":"Assurances Professionnelles"},"content":{"rendered":"\n<h2 class=\"wp-block-heading\" id=\"h-assurances-professionnelles\"><mark style=\"background-color:rgba(0, 0, 0, 0)\" class=\"has-inline-color has-colibri-color-1-color\">Assurances Professionnelles<\/mark><\/h2>\n\n\n\n<div id=\"assurances-professionnelles\" class=\"wp-block-image\"><figure class=\"aligncenter size-full is-resized\"><a href=\"https:\/\/vimeo.com\/693000929\" target=\"_blank\" rel=\"noopener\"><img decoding=\"async\" src=\"https:\/\/www.espacefinance.com\/133881bdd\/wp-content\/uploads\/2022\/03\/ASSURANCES-PROFESSIONNELLES-ESPACE-FINANCE-LP-NIMES-av-coordonnees.jpg\" alt=\"assurances pour les professionnels et les entreprises\" class=\"wp-image-276\" width=\"486\" height=\"331\" title=\"assurances professionnelles\" srcset=\"https:\/\/www.espacefinance.com\/133881bdd\/wp-content\/uploads\/2022\/03\/ASSURANCES-PROFESSIONNELLES-ESPACE-FINANCE-LP-NIMES-av-coordonnees.jpg 971w, https:\/\/www.espacefinance.com\/133881bdd\/wp-content\/uploads\/2022\/03\/ASSURANCES-PROFESSIONNELLES-ESPACE-FINANCE-LP-NIMES-av-coordonnees-300x205.jpg 300w, https:\/\/www.espacefinance.com\/133881bdd\/wp-content\/uploads\/2022\/03\/ASSURANCES-PROFESSIONNELLES-ESPACE-FINANCE-LP-NIMES-av-coordonnees-768x524.jpg 768w\" sizes=\"(max-width: 486px) 100vw, 486px\" \/><\/a><\/figure><\/div>\n\n\n\n<hr class=\"wp-block-separator\"\/>\n\n\n\n<h2 class=\"wp-block-heading\" id=\"h-l-assurance-professionnelle-de-votre-entreprise\"><mark style=\"background-color:rgba(0, 0, 0, 0)\" class=\"has-inline-color has-colibri-color-1-color\">L&rsquo;assurance professionnelle de votre entreprise<\/mark><\/h2>\n\n\n\n<p><strong>VOTRE ACTIVIT\u00c9 EST GARANTIE<\/strong>&nbsp;&nbsp;: Pour assurer votre activit\u00e9 professionnelle en toute s\u00e9r\u00e9nit\u00e9, le&nbsp;contrat Multirisque Professionnelle couvre l\u2019ensemble de vos besoins.<\/p>\n\n\n\n<hr class=\"wp-block-separator\"\/>\n\n\n\n<h3 class=\"wp-block-heading\" id=\"h-l-assurance-de-vos-responsabilites\">L\u2019assurance de vos responsabilit\u00e9s<\/h3>\n\n\n\n<p>Un oubli, une erreur, une faute, tout professionnel peut un jour y \u00eatre confront\u00e9. Dans l\u2019exercice de vos activit\u00e9s professionnelles, si vous ou vos salari\u00e9s provoquez des dommages \u00e0 vos clients, \u00e0 vos fournisseurs ou \u00e0 des tiers,  vous pouvez \u00eatre amen\u00e9 \u00e0 verser des indemnit\u00e9s \u00e9lev\u00e9es.<\/p>\n\n\n\n<p><strong>Notre solution&nbsp;<\/strong>: Prendre en charge les cons\u00e9quences financi\u00e8res de ces dommages caus\u00e9s avec la garantie Responsabilit\u00e9 civile professionnelle de notre contrat :<\/p>\n\n\n\n<hr class=\"wp-block-separator aligncenter\"\/>\n\n\n\n<ul class=\"wp-block-list\"><li><strong>L&rsquo;assurance responsabilit\u00e9 civile li\u00e9e \u00e0 l\u2019exploitation de votre entreprise<\/strong><\/li><\/ul>\n\n\n\n<p>Pour couvrir les dommages et pr\u00e9judices provenant d\u2019un fait li\u00e9 \u00e0 la vie courante des entreprises en dehors des prestations r\u00e9alis\u00e9es. <\/p>\n\n\n\n<p>Ce volet de l\u2019assurance professionnelle intervient aussi en cas d\u2019accident du travail d\u2019un salari\u00e9  r\u00e9sultant de la faute inexcusable de l\u2019employeur.<\/p>\n\n\n\n<p><strong>Concr\u00e8tement :<\/strong>&nbsp;vous travaillez chez un client et vous cassez un objet lui appartenant. Nous le remboursons, d\u00e9duction faite de la franchise.<\/p>\n\n\n\n<ul class=\"wp-block-list\"><li><strong>L&rsquo;assurance responsabilit\u00e9 civile professionnelle<\/strong><\/li><\/ul>\n\n\n\n<p>Pour couvrir les dommages r\u00e9sultant de l\u2019ex\u00e9cution des prestations ou des conseils de l\u2019entreprise en cas de mise en cause de clients ou de tiers.<\/p>\n\n\n\n<p><strong>Concr\u00e8tement :<\/strong>&nbsp;vous avez vendu un produit cosm\u00e9tique \u00e0 une cliente qui lui a provoqu\u00e9 une r\u00e9action cutan\u00e9e.&nbsp;Nous prendrons en charge les frais engag\u00e9s pour ses soins.<\/p>\n\n\n\n<hr class=\"wp-block-separator\"\/>\n\n\n\n<ul class=\"wp-block-list\"><li><strong>L\u2019assurance de vos locaux professionnels et leur contenu<\/strong><\/li><\/ul>\n\n\n\n<p><strong>Notre solution :&nbsp;<\/strong>Assurer l\u2019ensemble des \u00e9v\u00e9nements suivants :\n                      <br>&#8211; incendie, fum\u00e9e, foudre, explosion,\n                      <br>&#8211; dommages \u00e9lectriques,\n                      <br>&#8211; d\u00e9g\u00e2ts des eaux,\n                      <br>&#8211; bris des vitres, vitrines et enseignes,\n                      <br>&#8211; \u00e9v\u00e9nements climatiques (inondation, gr\u00eale, neige\u2026),\n                      <br>&#8211; responsabilit\u00e9 civile du fait de vos locaux professionnels et de vos am\u00e9nagements ext\u00e9rieurs,\n                      <br>&#8211; choc d\u2019un v\u00e9hicule avec vos biens assur\u00e9s (par exemple votre vitrine),\n                      <br>&#8211; ainsi que les catastrophes naturelles, les actes de terrorisme et attentats.<\/p>\n\n\n\n<hr class=\"wp-block-separator aligncenter\"\/>\n\n\n\n<h2 class=\"wp-block-heading\" id=\"h-les-tranquillites-pour-les-besoins-specifiques-de-votre-entreprise\"><strong>Les tranquillit\u00e9s pour les besoins sp\u00e9cifiques de votre entreprise<\/strong><\/h2>\n\n\n\n<p>&#8211; Tranquillit\u00e9 Mobilit\u00e9 : permet d\u2019assurer les dommages aux biens hors de vos locaux.                       <br>&#8211; Tranquillit\u00e9 Financi\u00e8re : permet d\u2019assurer les\u00a0pertes d\u2019exploitation de votre entreprise.                       <br>&#8211; S\u00e9r\u00e9nit\u00e9 Juridique : permet la d\u00e9fense de vos int\u00e9r\u00eats en cas de litige avec un salari\u00e9, un client, un fournisseur ou l\u2019administration.                       <br>                     <\/p>\n\n\n\n<hr class=\"wp-block-separator\"\/>\n\n\n\n<h2 class=\"wp-block-heading\" id=\"h-a-chacun-son-metier-a-chacun-sa-solution-d-assurance-professionnelle\">A chacun son m\u00e9tier, \u00e0 chacun sa solution d&rsquo;assurance professionnelle<\/h2>\n\n\n\n<p>Nous vous proposons des garanties adapt\u00e9es selon votre activit\u00e9 pour :<\/p>\n\n\n\n<ul class=\"wp-block-list\"><li>Les professionnels du b\u00e2timent et travaux publics<\/li><li>Les professionnels de l\u2019artisanat et l\u2019industrie<\/li><li>Les Professionnels de l\u2019alimentation (M\u00e9tiers de bouche, Caf\u00e9, H\u00f4tel, Restaurant)<\/li><li>Les professionnels de la publicit\u00e9, du conseil et des services<\/li><li>Les professions param\u00e9dicales (infirmier(e)s, kin\u00e9sith\u00e9rapeutes,&#8230;), ost\u00e9opathes, v\u00e9t\u00e9rinaires<\/li><li>Les exploitants d\u2019un commerce ou d\u2019une boutique\n                        <br>&nbsp;<\/li><\/ul>\n\n\n\n<hr class=\"wp-block-separator aligncenter\"\/>\n\n\n\n<h3 class=\"wp-block-heading\" id=\"h-professionnels-du-batiment\">Professionnels du b\u00e2timent&nbsp;<\/h3>\n\n\n\n<p>Pour assurer votre activit\u00e9 du BTP en toute s\u00e9r\u00e9nit\u00e9, un seul contrat couvre l\u2019ensemble de vos besoins : la Multirisque des Professionnels du B\u00e2timent et des Travaux Publics.&nbsp;<\/p>\n\n\n\n<ul class=\"wp-block-list\"><li>&nbsp;L\u2019assurance de vos responsabilit\u00e9s :<\/li><\/ul>\n\n\n\n<div class=\"wp-block-group\"><div class=\"wp-block-group__inner-container is-layout-flow wp-block-group-is-layout-flow\">\n<ul class=\"wp-block-list\"><li>La Responsabilit\u00e9 Civile<br>&#8211; responsabilit\u00e9 civile li\u00e9e \u00e0 l\u2019exploitation de votre entreprise                       <br>&#8211; responsabilit\u00e9 civile professionnelle                       <br>&#8211; responsabilit\u00e9 civile construction (Assurance D\u00e9cennale)  <\/li><\/ul>\n\n\n\n<ul class=\"wp-block-list\"><li>Vos dommages en cours de chantier<\/li><\/ul>\n<\/div><\/div>\n\n\n\n<ul class=\"wp-block-list\"><li>L\u2019assurance de vos locaux et de vos biens professionnels<\/li><li>Les tranquillit\u00e9s pour les besoins sp\u00e9cifiques de votre entreprise<\/li><\/ul>\n\n\n\n<hr class=\"wp-block-separator\"\/>\n\n\n\n<h3 class=\"wp-block-heading\" id=\"h-l-assurance-de-vos-vehicules-professionnels\">L&rsquo;assurance de vos v\u00e9hicules professionnels<\/h3>\n\n\n\n<p>Un assureur doit rester en prise directe avec les r\u00e9alit\u00e9s professionnelles d\u2019aujourd\u2019hui.                       <br>Pour \u00eatre toujours au plus pr\u00e8s des exigences de votre m\u00e9tier, votre assurance s\u2019adapte \u00e0 vos besoins.                       <br>Comme votre v\u00e9hicule professionnel vous est indispensable, vous voulez prot\u00e9ger aussi son contenu ou ses \u00e9quipements, vous voulez \u00eatre s\u00fbr de payer le prix normal pour une r\u00e9paration ?                       <br>Comptez sur nous !                       <br>                     <\/p>\n\n\n\n<hr class=\"wp-block-separator\"\/>\n\n\n\n<h3 class=\"wp-block-heading\" id=\"h-l-assurance-de-votre-mutuelle-sante-et-de-votre-prevoyance\">L&rsquo;assurance de votre mutuelle sant\u00e9 et de votre pr\u00e9voyance<\/h3>\n\n\n\n<ul class=\"wp-block-list\"><li>La compl\u00e9mentaire sant\u00e9 collective<\/li><li>La mutuelle sant\u00e9 individuelle<\/li><li>La pr\u00e9voyance&nbsp;: Protection de mes revenus, protection en cas d\u2019accident, protection en cas de d\u00e9c\u00e8s<\/li><\/ul>\n\n\n\n<div style=\"height:30px\" aria-hidden=\"true\" class=\"wp-block-spacer\"><\/div>\n\n\n\n<div class=\"wp-block-buttons is-layout-flex wp-block-buttons-is-layout-flex\">\n<div class=\"wp-block-button\" id=\"devis-assurance-pro\"><a class=\"wp-block-button__link has-colibri-color-3-background-color has-background\" href=\"https:\/\/www.espacefinance.com\/133881bdd\/wp-content\/uploads\/2022\/03\/Dde-Infos-Pro-Site.pdf\" rel=\"devis assurances pro\">Demande d&rsquo;Informations Assurances Pro<\/a><\/div>\n<\/div>\n\n\n\n<div style=\"height:31px\" aria-hidden=\"true\" class=\"wp-block-spacer\"><\/div>\n\n\n\n<div class=\"wp-block-buttons is-layout-flex wp-block-buttons-is-layout-flex\">\n<div class=\"wp-block-button\"><a class=\"wp-block-button__link has-background\" href=\"https:\/\/www.espacefinance.com\/133881bdd\/demande-devis-multirisques-professionnelle\/\" style=\"background-color:#046044\">Demande de Devis Multirisques Professionnelles<\/a><\/div>\n<\/div>\n\n\n<p><\/p>\n<p><\/p>\n<div data-colibri-component=\"section\" data-colibri-id=\"275-c6\" id=\"custom\" class=\"h-section h-section-global-spacing d-flex align-items-lg-center align-items-md-center align-items-center style-518 style-local-275-c6 position-relative\">\n    <!----><br>\n    <!----><p><\/p>\n<div class=\"h-section-grid-container h-section-boxed-container\">\n      <!----><p><\/p>\n<div data-colibri-id=\"275-c7\" class=\"h-row-container gutters-row-lg-2 gutters-row-md-2 gutters-row-0 gutters-row-v-lg-2 gutters-row-v-md-2 gutters-row-v-2 style-519 style-local-275-c7 position-relative\">\n        <!----><p><\/p>\n<div class=\"h-row justify-content-lg-center justify-content-md-center justify-content-center align-items-lg-stretch align-items-md-stretch align-items-stretch gutters-col-lg-2 gutters-col-md-2 gutters-col-0 gutters-col-v-lg-2 gutters-col-v-md-2 gutters-col-v-2\">\n          <!----><p><\/p>\n<div class=\"h-column h-column-container d-flex h-col-lg-auto h-col-md-auto h-col-auto style-520-outer style-local-275-c8-outer\">\n<div data-colibri-id=\"275-c8\" class=\"d-flex h-flex-basis h-column__inner h-px-lg-2 h-px-md-2 h-px-2 v-inner-lg-2 v-inner-md-2 v-inner-2 style-520 style-local-275-c8 position-relative\">\n              <!----><br>\n              <!----><p><\/p>\n<div class=\"w-100 h-y-container h-column__content h-column__v-align flex-basis-100 align-self-lg-start align-self-md-start align-self-start\">\n                <!----><p><\/p>\n<div data-colibri-id=\"275-c9\" class=\"style-521 style-local-275-c9 position-relative h-element\">\n                  <!----><p><\/p>\n<div class=\"\">\n                    <iframe src=\"https:\/\/player.vimeo.com\/video\/693000929?h=a7703b913a&amp;badge=0&amp;autopause=0&amp;player_id=0&amp;app_id=58479\" width=\"1920\" height=\"1080\" frameborder=\"0\" allow=\"autoplay; fullscreen; picture-in-picture\" allowfullscreen=\"\" title=\"ASSURANCE VIDEO.mp4\"><\/iframe>\n                  <\/div>\n<p><\/p>\n<\/div>\n<\/div>\n<\/div>\n<\/div>\n<\/div>\n<\/div>\n<\/div>\n<\/div>","protected":false},"excerpt":{"rendered":"<p>Assurances Professionnelles L&rsquo;assurance professionnelle de votre entreprise VOTRE ACTIVIT\u00c9 EST GARANTIE&nbsp;&nbsp;: Pour assurer votre activit\u00e9 professionnelle en toute s\u00e9r\u00e9nit\u00e9, le&nbsp;contrat Multirisque Professionnelle couvre l\u2019ensemble de vos besoins. L\u2019assurance de vos responsabilit\u00e9s Un oubli, une erreur, une faute, tout professionnel peut un jour y \u00eatre confront\u00e9. Dans l\u2019exercice de vos activit\u00e9s professionnelles, si vous ou vos [&hellip;]<\/p>\n","protected":false},"author":1,"featured_media":276,"parent":267,"menu_order":2,"comment_status":"closed","ping_status":"closed","template":"page-templates\/full-width-page.php","meta":{"footnotes":""},"class_list":["post-275","page","type-page","status-publish","has-post-thumbnail","hentry"],"yoast_head":"<!-- This site is optimized with the Yoast SEO Premium plugin v20.0 (Yoast SEO v27.5) - https:\/\/yoast.com\/product\/yoast-seo-premium-wordpress\/ -->\n<title>Assurances Professionnelles<\/title>\n<meta name=\"description\" content=\"Pour assurer votre activit\u00e9 professionnelle en toute s\u00e9r\u00e9nit\u00e9, le\u00a0contrat Multirisque Professionnelle couvre l\u2019ensemble de vos besoins\" \/>\n<meta name=\"robots\" content=\"index, follow, max-snippet:-1, max-image-preview:large, max-video-preview:-1\" \/>\n<link rel=\"canonical\" href=\"https:\/\/www.espacefinance.com\/133881bdd\/assurances-particuliers-professionnel-entreprise\/assurances-professionnelles\/?customize_changeset_uuid=ca9bb9b5-ea51-4383-9fb7-7b8a42fab396\" \/>\n<meta property=\"og:locale\" content=\"fr_FR\" \/>\n<meta property=\"og:type\" content=\"article\" \/>\n<meta property=\"og:title\" content=\"Assurances Professionnelles\" \/>\n<meta property=\"og:description\" content=\"VOTRE ACTIVIT\u00c9 EST GARANTIE\u00a0\u00a0: Pour assurer votre activit\u00e9 professionnelle en toute s\u00e9r\u00e9nit\u00e9, le\u00a0contrat Multirisque Professionnelle couvre l\u2019ensemble de vos besoins.\" \/>\n<meta property=\"og:url\" content=\"https:\/\/www.espacefinance.com\/133881bdd\/assurances-particuliers-professionnel-entreprise\/assurances-professionnelles\/?customize_changeset_uuid=ca9bb9b5-ea51-4383-9fb7-7b8a42fab396\" \/>\n<meta property=\"og:site_name\" content=\"N\u00eemes - Cr\u00e9dit Immobilier &amp; Assurances\" \/>\n<meta property=\"article:publisher\" content=\"https:\/\/www.facebook.com\/ymanci.credit.immobilier.assurance\" \/>\n<meta property=\"article:modified_time\" content=\"2022-04-08T15:54:51+00:00\" \/>\n<meta property=\"og:image\" content=\"https:\/\/www.espacefinance.com\/133881bdd\/wp-content\/uploads\/2022\/03\/ASSURANCES-PROFESSIONNELLES-ESPACE-FINANCE-LP-NIMES-av-coordonnees.jpg\" \/>\n\t<meta property=\"og:image:width\" content=\"971\" \/>\n\t<meta property=\"og:image:height\" content=\"662\" \/>\n\t<meta property=\"og:image:type\" content=\"image\/jpeg\" \/>\n<meta name=\"twitter:card\" content=\"summary_large_image\" \/>\n<meta name=\"twitter:site\" content=\"@YMANCI_NIMES\" \/>\n<meta name=\"twitter:label1\" content=\"Dur\u00e9e de lecture estim\u00e9e\" \/>\n\t<meta name=\"twitter:data1\" content=\"4 minutes\" \/>\n<script type=\"application\/ld+json\" class=\"yoast-schema-graph\">{\"@context\":\"https:\\\/\\\/schema.org\",\"@graph\":[{\"@type\":\"WebPage\",\"@id\":\"https:\\\/\\\/www.espacefinance.com\\\/133881bdd\\\/assurances-particuliers-professionnel-entreprise\\\/assurances-professionnelles\\\/\",\"url\":\"https:\\\/\\\/www.espacefinance.com\\\/133881bdd\\\/assurances-particuliers-professionnel-entreprise\\\/assurances-professionnelles\\\/?customize_changeset_uuid=ca9bb9b5-ea51-4383-9fb7-7b8a42fab396\",\"name\":\"Assurances Professionnelles\",\"isPartOf\":{\"@id\":\"https:\\\/\\\/www.espacefinance.com\\\/133881bdd\\\/#website\"},\"primaryImageOfPage\":{\"@id\":\"https:\\\/\\\/www.espacefinance.com\\\/133881bdd\\\/assurances-particuliers-professionnel-entreprise\\\/assurances-professionnelles\\\/?customize_changeset_uuid=ca9bb9b5-ea51-4383-9fb7-7b8a42fab396#primaryimage\"},\"image\":{\"@id\":\"https:\\\/\\\/www.espacefinance.com\\\/133881bdd\\\/assurances-particuliers-professionnel-entreprise\\\/assurances-professionnelles\\\/?customize_changeset_uuid=ca9bb9b5-ea51-4383-9fb7-7b8a42fab396#primaryimage\"},\"thumbnailUrl\":\"https:\\\/\\\/www.espacefinance.com\\\/133881bdd\\\/wp-content\\\/uploads\\\/2022\\\/03\\\/ASSURANCES-PROFESSIONNELLES-ESPACE-FINANCE-LP-NIMES-av-coordonnees.jpg\",\"datePublished\":\"2022-03-01T07:33:30+00:00\",\"dateModified\":\"2022-04-08T15:54:51+00:00\",\"description\":\"Pour assurer votre activit\u00e9 professionnelle en toute s\u00e9r\u00e9nit\u00e9, le\u00a0contrat Multirisque Professionnelle couvre l\u2019ensemble de vos besoins\",\"breadcrumb\":{\"@id\":\"https:\\\/\\\/www.espacefinance.com\\\/133881bdd\\\/assurances-particuliers-professionnel-entreprise\\\/assurances-professionnelles\\\/?customize_changeset_uuid=ca9bb9b5-ea51-4383-9fb7-7b8a42fab396#breadcrumb\"},\"inLanguage\":\"fr-FR\",\"potentialAction\":[{\"@type\":\"ReadAction\",\"target\":[\"https:\\\/\\\/www.espacefinance.com\\\/133881bdd\\\/assurances-particuliers-professionnel-entreprise\\\/assurances-professionnelles\\\/?customize_changeset_uuid=ca9bb9b5-ea51-4383-9fb7-7b8a42fab396\"]}]},{\"@type\":\"ImageObject\",\"inLanguage\":\"fr-FR\",\"@id\":\"https:\\\/\\\/www.espacefinance.com\\\/133881bdd\\\/assurances-particuliers-professionnel-entreprise\\\/assurances-professionnelles\\\/?customize_changeset_uuid=ca9bb9b5-ea51-4383-9fb7-7b8a42fab396#primaryimage\",\"url\":\"https:\\\/\\\/www.espacefinance.com\\\/133881bdd\\\/wp-content\\\/uploads\\\/2022\\\/03\\\/ASSURANCES-PROFESSIONNELLES-ESPACE-FINANCE-LP-NIMES-av-coordonnees.jpg\",\"contentUrl\":\"https:\\\/\\\/www.espacefinance.com\\\/133881bdd\\\/wp-content\\\/uploads\\\/2022\\\/03\\\/ASSURANCES-PROFESSIONNELLES-ESPACE-FINANCE-LP-NIMES-av-coordonnees.jpg\",\"width\":971,\"height\":662,\"caption\":\"assurances professionnelles et entreprises\"},{\"@type\":\"BreadcrumbList\",\"@id\":\"https:\\\/\\\/www.espacefinance.com\\\/133881bdd\\\/assurances-particuliers-professionnel-entreprise\\\/assurances-professionnelles\\\/?customize_changeset_uuid=ca9bb9b5-ea51-4383-9fb7-7b8a42fab396#breadcrumb\",\"itemListElement\":[{\"@type\":\"ListItem\",\"position\":1,\"name\":\"Accueil\",\"item\":\"https:\\\/\\\/www.espacefinance.com\\\/133881bdd\\\/\"},{\"@type\":\"ListItem\",\"position\":2,\"name\":\"Courtage en Assurances\",\"item\":\"https:\\\/\\\/www.espacefinance.com\\\/133881bdd\\\/assurances-particuliers-professionnel-entreprise\\\/\"},{\"@type\":\"ListItem\",\"position\":3,\"name\":\"ASSURANCES PROFESSIONNELLES\"}]},{\"@type\":\"WebSite\",\"@id\":\"https:\\\/\\\/www.espacefinance.com\\\/133881bdd\\\/#website\",\"url\":\"https:\\\/\\\/www.espacefinance.com\\\/133881bdd\\\/\",\"name\":\"N\u00eemes - Cr\u00e9dit Immobilier &amp; Assurances\",\"description\":\"Notre expertise \u00e0 votre service en toute transparence\",\"publisher\":{\"@id\":\"https:\\\/\\\/www.espacefinance.com\\\/133881bdd\\\/#organization\"},\"potentialAction\":[{\"@type\":\"SearchAction\",\"target\":{\"@type\":\"EntryPoint\",\"urlTemplate\":\"https:\\\/\\\/www.espacefinance.com\\\/133881bdd\\\/?s={search_term_string}\"},\"query-input\":{\"@type\":\"PropertyValueSpecification\",\"valueRequired\":true,\"valueName\":\"search_term_string\"}}],\"inLanguage\":\"fr-FR\"},{\"@type\":\"Organization\",\"@id\":\"https:\\\/\\\/www.espacefinance.com\\\/133881bdd\\\/#organization\",\"name\":\"ESPACE FINANCE LP\",\"url\":\"https:\\\/\\\/www.espacefinance.com\\\/133881bdd\\\/\",\"logo\":{\"@type\":\"ImageObject\",\"inLanguage\":\"fr-FR\",\"@id\":\"https:\\\/\\\/www.espacefinance.com\\\/133881bdd\\\/#\\\/schema\\\/logo\\\/image\\\/\",\"url\":\"https:\\\/\\\/www.espacefinance.com\\\/133881bdd\\\/wp-content\\\/uploads\\\/2022\\\/03\\\/LOGO-ESFI-YMANCI-022022.jpg\",\"contentUrl\":\"https:\\\/\\\/www.espacefinance.com\\\/133881bdd\\\/wp-content\\\/uploads\\\/2022\\\/03\\\/LOGO-ESFI-YMANCI-022022.jpg\",\"width\":1273,\"height\":710,\"caption\":\"ESPACE FINANCE LP\"},\"image\":{\"@id\":\"https:\\\/\\\/www.espacefinance.com\\\/133881bdd\\\/#\\\/schema\\\/logo\\\/image\\\/\"},\"sameAs\":[\"https:\\\/\\\/www.facebook.com\\\/ymanci.credit.immobilier.assurance\",\"https:\\\/\\\/x.com\\\/YMANCI_NIMES\",\"https:\\\/\\\/www.instagram.com\\\/espacefinancelp_ymanci_nimes\\\/?hl=fr\",\"https:\\\/\\\/www.linkedin.com\\\/showcase\\\/ymanci-nmes\\\/\",\"https:\\\/\\\/www.youtube.com\\\/channel\\\/UC1PRm7p_QVdRMUaS_Hq6zwA\"]}]}<\/script>\n<!-- \/ Yoast SEO Premium plugin. -->","yoast_head_json":{"title":"Assurances Professionnelles","description":"Pour assurer votre activit\u00e9 professionnelle en toute s\u00e9r\u00e9nit\u00e9, le\u00a0contrat Multirisque Professionnelle couvre l\u2019ensemble de vos besoins","robots":{"index":"index","follow":"follow","max-snippet":"max-snippet:-1","max-image-preview":"max-image-preview:large","max-video-preview":"max-video-preview:-1"},"canonical":"https:\/\/www.espacefinance.com\/133881bdd\/assurances-particuliers-professionnel-entreprise\/assurances-professionnelles\/?customize_changeset_uuid=ca9bb9b5-ea51-4383-9fb7-7b8a42fab396","og_locale":"fr_FR","og_type":"article","og_title":"Assurances Professionnelles","og_description":"VOTRE ACTIVIT\u00c9 EST GARANTIE\u00a0\u00a0: Pour assurer votre activit\u00e9 professionnelle en toute s\u00e9r\u00e9nit\u00e9, le\u00a0contrat Multirisque Professionnelle couvre l\u2019ensemble de vos besoins.","og_url":"https:\/\/www.espacefinance.com\/133881bdd\/assurances-particuliers-professionnel-entreprise\/assurances-professionnelles\/?customize_changeset_uuid=ca9bb9b5-ea51-4383-9fb7-7b8a42fab396","og_site_name":"N\u00eemes - Cr\u00e9dit Immobilier &amp; Assurances","article_publisher":"https:\/\/www.facebook.com\/ymanci.credit.immobilier.assurance","article_modified_time":"2022-04-08T15:54:51+00:00","og_image":[{"width":971,"height":662,"url":"https:\/\/www.espacefinance.com\/133881bdd\/wp-content\/uploads\/2022\/03\/ASSURANCES-PROFESSIONNELLES-ESPACE-FINANCE-LP-NIMES-av-coordonnees.jpg","type":"image\/jpeg"}],"twitter_card":"summary_large_image","twitter_site":"@YMANCI_NIMES","twitter_misc":{"Dur\u00e9e de lecture estim\u00e9e":"4 minutes"},"schema":{"@context":"https:\/\/schema.org","@graph":[{"@type":"WebPage","@id":"https:\/\/www.espacefinance.com\/133881bdd\/assurances-particuliers-professionnel-entreprise\/assurances-professionnelles\/","url":"https:\/\/www.espacefinance.com\/133881bdd\/assurances-particuliers-professionnel-entreprise\/assurances-professionnelles\/?customize_changeset_uuid=ca9bb9b5-ea51-4383-9fb7-7b8a42fab396","name":"Assurances Professionnelles","isPartOf":{"@id":"https:\/\/www.espacefinance.com\/133881bdd\/#website"},"primaryImageOfPage":{"@id":"https:\/\/www.espacefinance.com\/133881bdd\/assurances-particuliers-professionnel-entreprise\/assurances-professionnelles\/?customize_changeset_uuid=ca9bb9b5-ea51-4383-9fb7-7b8a42fab396#primaryimage"},"image":{"@id":"https:\/\/www.espacefinance.com\/133881bdd\/assurances-particuliers-professionnel-entreprise\/assurances-professionnelles\/?customize_changeset_uuid=ca9bb9b5-ea51-4383-9fb7-7b8a42fab396#primaryimage"},"thumbnailUrl":"https:\/\/www.espacefinance.com\/133881bdd\/wp-content\/uploads\/2022\/03\/ASSURANCES-PROFESSIONNELLES-ESPACE-FINANCE-LP-NIMES-av-coordonnees.jpg","datePublished":"2022-03-01T07:33:30+00:00","dateModified":"2022-04-08T15:54:51+00:00","description":"Pour assurer votre activit\u00e9 professionnelle en toute s\u00e9r\u00e9nit\u00e9, le\u00a0contrat Multirisque Professionnelle couvre l\u2019ensemble de vos besoins","breadcrumb":{"@id":"https:\/\/www.espacefinance.com\/133881bdd\/assurances-particuliers-professionnel-entreprise\/assurances-professionnelles\/?customize_changeset_uuid=ca9bb9b5-ea51-4383-9fb7-7b8a42fab396#breadcrumb"},"inLanguage":"fr-FR","potentialAction":[{"@type":"ReadAction","target":["https:\/\/www.espacefinance.com\/133881bdd\/assurances-particuliers-professionnel-entreprise\/assurances-professionnelles\/?customize_changeset_uuid=ca9bb9b5-ea51-4383-9fb7-7b8a42fab396"]}]},{"@type":"ImageObject","inLanguage":"fr-FR","@id":"https:\/\/www.espacefinance.com\/133881bdd\/assurances-particuliers-professionnel-entreprise\/assurances-professionnelles\/?customize_changeset_uuid=ca9bb9b5-ea51-4383-9fb7-7b8a42fab396#primaryimage","url":"https:\/\/www.espacefinance.com\/133881bdd\/wp-content\/uploads\/2022\/03\/ASSURANCES-PROFESSIONNELLES-ESPACE-FINANCE-LP-NIMES-av-coordonnees.jpg","contentUrl":"https:\/\/www.espacefinance.com\/133881bdd\/wp-content\/uploads\/2022\/03\/ASSURANCES-PROFESSIONNELLES-ESPACE-FINANCE-LP-NIMES-av-coordonnees.jpg","width":971,"height":662,"caption":"assurances professionnelles et entreprises"},{"@type":"BreadcrumbList","@id":"https:\/\/www.espacefinance.com\/133881bdd\/assurances-particuliers-professionnel-entreprise\/assurances-professionnelles\/?customize_changeset_uuid=ca9bb9b5-ea51-4383-9fb7-7b8a42fab396#breadcrumb","itemListElement":[{"@type":"ListItem","position":1,"name":"Accueil","item":"https:\/\/www.espacefinance.com\/133881bdd\/"},{"@type":"ListItem","position":2,"name":"Courtage en Assurances","item":"https:\/\/www.espacefinance.com\/133881bdd\/assurances-particuliers-professionnel-entreprise\/"},{"@type":"ListItem","position":3,"name":"ASSURANCES PROFESSIONNELLES"}]},{"@type":"WebSite","@id":"https:\/\/www.espacefinance.com\/133881bdd\/#website","url":"https:\/\/www.espacefinance.com\/133881bdd\/","name":"N\u00eemes - Cr\u00e9dit Immobilier &amp; Assurances","description":"Notre expertise \u00e0 votre service en toute transparence","publisher":{"@id":"https:\/\/www.espacefinance.com\/133881bdd\/#organization"},"potentialAction":[{"@type":"SearchAction","target":{"@type":"EntryPoint","urlTemplate":"https:\/\/www.espacefinance.com\/133881bdd\/?s={search_term_string}"},"query-input":{"@type":"PropertyValueSpecification","valueRequired":true,"valueName":"search_term_string"}}],"inLanguage":"fr-FR"},{"@type":"Organization","@id":"https:\/\/www.espacefinance.com\/133881bdd\/#organization","name":"ESPACE FINANCE LP","url":"https:\/\/www.espacefinance.com\/133881bdd\/","logo":{"@type":"ImageObject","inLanguage":"fr-FR","@id":"https:\/\/www.espacefinance.com\/133881bdd\/#\/schema\/logo\/image\/","url":"https:\/\/www.espacefinance.com\/133881bdd\/wp-content\/uploads\/2022\/03\/LOGO-ESFI-YMANCI-022022.jpg","contentUrl":"https:\/\/www.espacefinance.com\/133881bdd\/wp-content\/uploads\/2022\/03\/LOGO-ESFI-YMANCI-022022.jpg","width":1273,"height":710,"caption":"ESPACE FINANCE LP"},"image":{"@id":"https:\/\/www.espacefinance.com\/133881bdd\/#\/schema\/logo\/image\/"},"sameAs":["https:\/\/www.facebook.com\/ymanci.credit.immobilier.assurance","https:\/\/x.com\/YMANCI_NIMES","https:\/\/www.instagram.com\/espacefinancelp_ymanci_nimes\/?hl=fr","https:\/\/www.linkedin.com\/showcase\/ymanci-nmes\/","https:\/\/www.youtube.com\/channel\/UC1PRm7p_QVdRMUaS_Hq6zwA"]}]}},"_links":{"self":[{"href":"https:\/\/www.espacefinance.com\/133881bdd\/wp-json\/wp\/v2\/pages\/275","targetHints":{"allow":["GET"]}}],"collection":[{"href":"https:\/\/www.espacefinance.com\/133881bdd\/wp-json\/wp\/v2\/pages"}],"about":[{"href":"https:\/\/www.espacefinance.com\/133881bdd\/wp-json\/wp\/v2\/types\/page"}],"author":[{"embeddable":true,"href":"https:\/\/www.espacefinance.com\/133881bdd\/wp-json\/wp\/v2\/users\/1"}],"replies":[{"embeddable":true,"href":"https:\/\/www.espacefinance.com\/133881bdd\/wp-json\/wp\/v2\/comments?post=275"}],"version-history":[{"count":0,"href":"https:\/\/www.espacefinance.com\/133881bdd\/wp-json\/wp\/v2\/pages\/275\/revisions"}],"up":[{"embeddable":true,"href":"https:\/\/www.espacefinance.com\/133881bdd\/wp-json\/wp\/v2\/pages\/267"}],"wp:featuredmedia":[{"embeddable":true,"href":"https:\/\/www.espacefinance.com\/133881bdd\/wp-json\/wp\/v2\/media\/276"}],"wp:attachment":[{"href":"https:\/\/www.espacefinance.com\/133881bdd\/wp-json\/wp\/v2\/media?parent=275"}],"curies":[{"name":"wp","href":"https:\/\/api.w.org\/{rel}","templated":true}]}}