{"id":2055,"date":"2022-04-04T17:11:23","date_gmt":"2022-04-04T15:11:23","guid":{"rendered":"https:\/\/www.espacefinance.com\/133881bdd\/?page_id=2055"},"modified":"2022-04-08T16:36:53","modified_gmt":"2022-04-08T14:36:53","slug":"les-aides-a-l-accession","status":"publish","type":"page","link":"https:\/\/www.espacefinance.com\/133881bdd\/financement-immobilier-travaux-professionnel-particulier\/credit-immobilier-financement\/achat-residence-principale-secondaire\/les-aides-a-l-accession\/","title":{"rendered":"Les aides \u00e0 l\u2019accession"},"content":{"rendered":"\n<h1 class=\"has-colibri-color-2-color has-text-color has-x-large-font-size wp-block-heading\" id=\"h-les-aides-a-l-accession\"><strong>Les aides \u00e0 l\u2019accession<\/strong><\/h1>\n\n\n\n<p>Les aides \u00e0 l&rsquo;accession  se destinent en g\u00e9n\u00e9ral \u00e0 des particuliers qui souhaitent acqu\u00e9rir leur r\u00e9sidence principale. Ces pr\u00eats peuvent vous permettre de financer tout ou partie du bien immobilier.\u00a0<\/p>\n\n\n\n<h1 class=\"wp-block-heading\" id=\"h-le-pret-a-taux-zero\"><strong><mark style=\"background-color:rgba(0, 0, 0, 0)\" class=\"has-inline-color has-colibri-color-1-color\">Le Pr\u00eat \u00e0 Taux Z\u00e9ro<\/mark><\/strong><\/h1>\n\n\n\n<p>Le\u00a0<strong>PTZ<\/strong>\u00a0est un pr\u00eat mis en place par l\u2019\u00c9tat Fran\u00e7ais et distribu\u00e9 par certaines banques\u00a0pour permettre \u00e0 des particuliers d\u2019acqu\u00e9rir leur r\u00e9sidence principale, c\u2019est une aide \u00e0 l\u2019accession. <\/p>\n\n\n\n<p>Il est d\u00e9di\u00e9 \u00e0 ceux qui ach\u00e8tent\u00a0leur r\u00e9sidence principale et qui, sauf exceptions, n\u2019ont pas \u00e9t\u00e9 propri\u00e9taires de leur\u00a0r\u00e9sidence principale au cours des deux derni\u00e8res ann\u00e9es. <\/p>\n\n\n\n<p>De plus, il est plafonn\u00e9. Ce plafond d\u00e9pend notamment de la zone g\u00e9ographique du logement et du nombre de personnes qui vont l&rsquo;habiter. <\/p>\n\n\n\n<p>Ce pr\u00eat peut vous \u00eatre octroy\u00e9, sous certaines conditions\u00a0:<\/p>\n\n\n\n<ul class=\"wp-block-list\"><li>La nature du logement (neuf, ancien avec travaux \u00e0 conditions qu\u2019ils repr\u00e9sentent au minimum 25% du co\u00fbt total de l&rsquo;op\u00e9ration hors frais de notaire, ou achat logement social)<\/li><li>Sa localisation<\/li><li>La composition du foyer et ses revenus (revenu fiscal de r\u00e9f\u00e9rence N-2)<\/li><\/ul>\n\n\n\n<p>Un logement acquis avec un PTZ ne peut \u00eatre mis, sauf exceptions, en location pendant les 6 ann\u00e9es suivant le versement du pr\u00eat. <\/p>\n\n\n\n<p>La dur\u00e9e maximale d\u2019emprunt pour un PTZ\u00a0est de 25 ans.\u00a0<\/p>\n\n\n\n<p>D\u00e9couvrez toutes les conditions du PTZ\u00a0sur\u00a0<a href=\"https:\/\/www.service-public.fr\/particuliers\/vosdroits\/F10871\" target=\"_blank\" rel=\"noreferrer noopener\">https:\/\/www.service-public.fr\/particuliers\/vosdroits\/F10871\u00a0<\/a><\/p>\n\n\n\n<h1 class=\"wp-block-heading\" id=\"h-l-eco-pret-a-taux-zero-eco-ptz\"><strong><mark style=\"background-color:rgba(0, 0, 0, 0)\" class=\"has-inline-color has-colibri-color-1-color\">L\u2019\u00c9co-Pr\u00eat \u00e0 Taux Z\u00e9ro (\u00c9co-PTZ)<\/mark><\/strong><\/h1>\n\n\n\n<p>L&rsquo;<strong>\u00c9co-PTZ<\/strong>\u00a0est une aide financi\u00e8re accord\u00e9e par l\u2019\u00c9tat qui s\u2019adresse aux propri\u00e9taires d\u2019une r\u00e9sidence principale\u00a0dont la construction a \u00e9t\u00e9 finalis\u00e9e depuis plus de 2 ans\u00a0et qui souhaitent effectuer des travaux fournis et pos\u00e9s par des entreprises (agr\u00e9\u00e9es\u00a0label RGE reconnu garant de l&rsquo;environnement): il permet d\u2019am\u00e9liorer la performance \u00e9nerg\u00e9tique du logement\u00a0:<\/p>\n\n\n\n<ul class=\"wp-block-list\"><li>Travaux d\u2019isolation<\/li><li>Remplacement d\u2019une chaudi\u00e8re<\/li><li>Pose de mat\u00e9riels pour favoriser les \u00e9nergies renouvelables,<\/li><li>\u2026<\/li><\/ul>\n\n\n\n<p>Cela concerne \u00e9galement l&rsquo;habitation principale d&rsquo;un locataire que vous aurez acquis dans le cadre d&rsquo;un investissement locatif.&nbsp;Le montant d\u00e9bloqu\u00e9 d\u00e9pendra des travaux envisag\u00e9s. Pour ce type de pr\u00eat, vous n\u2019avez pas de conditions de ressources \u00e0 respecter mais il sera accept\u00e9 ou non par l\u2019\u00e9tablissement pr\u00eateur en fonction de votre solvabilit\u00e9. La dur\u00e9e maximale d\u2019emprunt pour un&nbsp;<strong>\u00c9co-PTZ<\/strong>&nbsp;est de 15 ans. D\u00e9couvrez toutes les conditions de l&rsquo;\u00c9co-PTZ&nbsp;sur&nbsp;<a href=\"https:\/\/www.service-public.fr\/particuliers\/vosdroits\/F19905\" target=\"_blank\" rel=\"noreferrer noopener\">https:\/\/www.service-public.fr\/particuliers\/vosdroits\/F19905<\/a><\/p>\n\n\n\n<h1 class=\"wp-block-heading\" id=\"h-le-pret-a-l-accession-sociale-pas\"><strong><mark style=\"background-color:rgba(0, 0, 0, 0)\" class=\"has-inline-color has-colibri-color-1-color\">Le Pr\u00eat \u00e0 l\u2019Accession Sociale (PAS)<\/mark><\/strong><\/h1>\n\n\n\n<p>Mis en place par l\u2019\u00c9tat, le\u00a0<strong>PAS<\/strong>\u00a0est une \u00e0 l&rsquo;accession qui vise \u00e0 favoriser l\u2019accession \u00e0 la propri\u00e9t\u00e9 pour les familles aux revenus modestes. <\/p>\n\n\n\n<p>Ce pr\u00eat est destin\u00e9 \u00e0 financer une op\u00e9ration concernant une r\u00e9sidence principale\u00a0: <\/p>\n\n\n\n<p>Que ce soit la construction d\u2019un logement neuf, l\u2019achat d\u2019un logement neuf ou encore l\u2019achat d\u2019un bien ancien avec ou sans travaux. <\/p>\n\n\n\n<p>D\u00e8s lors, pour b\u00e9n\u00e9ficier du PAS, le foyer devra justifier de ressources ne d\u00e9passant pas un certain montant (m\u00eame plafond que le PTZ), fix\u00e9 en fonction de la composition de votre foyer, de la localisation\u00a0du bien.<\/p>\n\n\n\n<p>En parall\u00e8le, le bien ne peut pas \u00eatre mis en location dans les 6 ann\u00e9es qui suivent la souscription du\u00a0pr\u00eat. Pour souscrire \u00e0 un PAS, il sera n\u00e9cessaire d&rsquo;avoir\u00a0un apport comprenant les frais de garantie, les frais de dossiers, les frais de courtage et de notaire.\u00a0La dur\u00e9e maximale d\u2019emprunt pour un PAS est de 35 ans.\u00a0D\u00e9couvrez toutes les conditions du PAS sur\u00a0<a href=\"https:\/\/www.service-public.fr\/particuliers\/vosdroits\/F22158\" target=\"_blank\" rel=\"noreferrer noopener\">https:\/\/www.service-public.fr\/particuliers\/vosdroits\/F22158<\/a><\/p>\n\n\n\n<h1 class=\"wp-block-heading\" id=\"h-le-pret-epargne-logement\"><strong><mark style=\"background-color:rgba(0, 0, 0, 0)\" class=\"has-inline-color has-colibri-color-1-color\">Le Pr\u00eat \u00c9pargne Logement<\/mark><\/strong><\/h1>\n\n\n\n<p>Le\u00a0<strong>Pr\u00eat \u00c9pargne Logement<\/strong>\u00a0est un pr\u00eat aide qui peut vous faire b\u00e9n\u00e9ficier d&rsquo;un taux privil\u00e9gi\u00e9 selon la conjoncture des taux actuels.\u00a0Il se destine aux foyers qui souhaitent faire l\u2019acquisition de leur r\u00e9sidence principale sous diverses formes d\u2019op\u00e9rations\u00a0:<\/p>\n\n\n\n<ul class=\"wp-block-list\"><li>Construction d\u2019un logement<\/li><li>Achat d\u2019un logement neuf ou ancien avec ou sans travaux<\/li><li>Travaux d\u2019am\u00e9lioration d\u2019un logement existant<\/li><\/ul>\n\n\n\n<p>Le pr\u00eat \u00e0 taux z\u00e9ro est ouvert \u00e0 tous. <\/p>\n\n\n\n<p>La seule condition est de disposer d\u2019un Compte \u00c9pargne Logement (CEL) ou un Plan \u00c9pargne Logement (PEL). <\/p>\n\n\n\n<p>Donc, gr\u00e2ce \u00e0 cette \u00e9pargne ou \u00e0 ce compte, l\u2019emprunteur peut n\u00e9gocier un taux d\u2019emprunt int\u00e9ressant aupr\u00e8s de la banque. Le montant de l\u2019emprunt d\u00e9pend des droits acquis pendant la dur\u00e9e du placement. La dur\u00e9e maxi est de 15 ans et le taux d\u2019emprunt associ\u00e9 sera calcul\u00e9 en fonction des droits acquis pendant la dur\u00e9e du placement.\u00a0<\/p>\n\n\n\n<p>D\u00e9couvrez toutes les conditions du PEL sur\u00a0<a href=\"https:\/\/www.service-public.fr\/particuliers\/vosdroits\/F16140\" target=\"_blank\" rel=\"noreferrer noopener\">https:\/\/www.service-public.fr\/particuliers\/vosdroits\/F16140<\/a><\/p>\n\n\n\n<p><strong>BON \u00c0 SAVOIR<\/strong><\/p>\n\n\n\n<p>Salari\u00e9 ou fonctionnaire, sachez que dans le cadre de votre fonction vous pouvez b\u00e9n\u00e9ficier de pr\u00eats sp\u00e9cifiques. Nous vous invitons donc \u00e0 vous renseigner aupr\u00e8s de votre employeur.\u00a0<\/p>\n\n\n\n<p><strong>NOTRE R\u00d4LE<\/strong><\/p>\n\n\n\n<p>Vous ne savez toujours pas vers quel type de\u00a0<a href=\"https:\/\/ymanci.fr\/credit-immobilier\">pr\u00eat immobilier<\/a>\u00a0vous diriger ? Prenez rendez-vous avec l&rsquo;un de nos conseillers pour que nous analysions ensemble celui qui sera le mieux adapt\u00e9 \u00e0 votre situation.<\/p>\n\n\n\n<div class=\"wp-block-image\"><figure class=\"aligncenter size-full\"><img decoding=\"async\" width=\"183\" height=\"183\" src=\"https:\/\/www.espacefinance.com\/133881bdd\/wp-content\/uploads\/2022\/03\/cropped-LOCATIF.jpg\" alt=\"aide \u00e0 l'accession #ptz\" class=\"wp-image-1075\" srcset=\"https:\/\/www.espacefinance.com\/133881bdd\/wp-content\/uploads\/2022\/03\/cropped-LOCATIF.jpg 183w, https:\/\/www.espacefinance.com\/133881bdd\/wp-content\/uploads\/2022\/03\/cropped-LOCATIF-150x150.jpg 150w\" sizes=\"(max-width: 183px) 100vw, 183px\" \/><figcaption>Investissement Locatif<\/figcaption><\/figure><\/div>\n","protected":false},"excerpt":{"rendered":"<p>Les aides \u00e0 l\u2019accession Les aides \u00e0 l&rsquo;accession se destinent en g\u00e9n\u00e9ral \u00e0 des particuliers qui souhaitent acqu\u00e9rir leur r\u00e9sidence principale. Ces pr\u00eats peuvent vous permettre de financer tout ou partie du bien immobilier.\u00a0 Le Pr\u00eat \u00e0 Taux Z\u00e9ro Le\u00a0PTZ\u00a0est un pr\u00eat mis en place par l\u2019\u00c9tat Fran\u00e7ais et distribu\u00e9 par certaines banques\u00a0pour permettre \u00e0 [&hellip;]<\/p>\n","protected":false},"author":1,"featured_media":2319,"parent":284,"menu_order":2,"comment_status":"closed","ping_status":"closed","template":"","meta":{"footnotes":""},"class_list":["post-2055","page","type-page","status-publish","has-post-thumbnail","hentry"],"yoast_head":"<!-- This site is optimized with the Yoast SEO Premium plugin v20.0 (Yoast SEO v27.5) - https:\/\/yoast.com\/product\/yoast-seo-premium-wordpress\/ -->\n<title>Les aides \u00e0 l&#039;accession<\/title>\n<meta name=\"description\" content=\"Les aides \u00e0 l\u2019accession \u00e0 la propri\u00e9t\u00e9 destinent en g\u00e9n\u00e9ral \u00e0 des particuliers qui souhaitent acqu\u00e9rir leur r\u00e9sidence principale.\" \/>\n<meta name=\"robots\" content=\"index, follow, max-snippet:-1, max-image-preview:large, max-video-preview:-1\" \/>\n<link rel=\"canonical\" href=\"https:\/\/www.espacefinance.com\/133881bdd\/financement-immobilier-travaux-professionnel-particulier\/credit-immobilier-financement\/achat-residence-principale-secondaire\/les-aides-a-laccession\/?customize_changeset_uuid=ca9bb9b5-ea51-4383-9fb7-7b8a42fab396\" \/>\n<meta property=\"og:locale\" content=\"fr_FR\" \/>\n<meta property=\"og:type\" content=\"article\" \/>\n<meta property=\"og:title\" content=\"Les aides \u00e0 l\u2019accession\" \/>\n<meta property=\"og:description\" content=\"Les pr\u00eats aides \u00e0 l\u2019accession se destinent en g\u00e9n\u00e9ral \u00e0 des particuliers qui souhaitent acqu\u00e9rir leur r\u00e9sidence principale. Ces pr\u00eats peuvent vous permettre de financer tout ou partie du bien immobilier.\u00a0\" \/>\n<meta property=\"og:url\" content=\"https:\/\/www.espacefinance.com\/133881bdd\/financement-immobilier-travaux-professionnel-particulier\/credit-immobilier-financement\/achat-residence-principale-secondaire\/les-aides-a-laccession\/?customize_changeset_uuid=ca9bb9b5-ea51-4383-9fb7-7b8a42fab396\" \/>\n<meta property=\"og:site_name\" content=\"N\u00eemes - Cr\u00e9dit Immobilier &amp; Assurances\" \/>\n<meta property=\"article:publisher\" content=\"https:\/\/www.facebook.com\/ymanci.credit.immobilier.assurance\" \/>\n<meta property=\"article:modified_time\" content=\"2022-04-08T14:36:53+00:00\" \/>\n<meta property=\"og:image\" content=\"https:\/\/www.espacefinance.com\/133881bdd\/wp-content\/uploads\/2022\/04\/Pret-habitat885x575.webp\" \/>\n\t<meta property=\"og:image:width\" content=\"585\" \/>\n\t<meta property=\"og:image:height\" content=\"380\" \/>\n\t<meta property=\"og:image:type\" content=\"image\/webp\" \/>\n<meta name=\"twitter:card\" content=\"summary_large_image\" \/>\n<meta name=\"twitter:site\" content=\"@YMANCI_NIMES\" \/>\n<meta name=\"twitter:label1\" content=\"Dur\u00e9e de lecture estim\u00e9e\" \/>\n\t<meta name=\"twitter:data1\" content=\"5 minutes\" \/>\n<script type=\"application\/ld+json\" class=\"yoast-schema-graph\">{\"@context\":\"https:\\\/\\\/schema.org\",\"@graph\":[{\"@type\":\"WebPage\",\"@id\":\"https:\\\/\\\/www.espacefinance.com\\\/133881bdd\\\/financement-immobilier-travaux-professionnel-particulier\\\/credit-immobilier-financement\\\/achat-residence-principale-secondaire\\\/les-aides-a-l-accession\\\/\",\"url\":\"https:\\\/\\\/www.espacefinance.com\\\/133881bdd\\\/financement-immobilier-travaux-professionnel-particulier\\\/credit-immobilier-financement\\\/achat-residence-principale-secondaire\\\/les-aides-a-laccession\\\/?customize_changeset_uuid=ca9bb9b5-ea51-4383-9fb7-7b8a42fab396\",\"name\":\"Les aides \u00e0 l'accession\",\"isPartOf\":{\"@id\":\"https:\\\/\\\/www.espacefinance.com\\\/133881bdd\\\/#website\"},\"primaryImageOfPage\":{\"@id\":\"https:\\\/\\\/www.espacefinance.com\\\/133881bdd\\\/financement-immobilier-travaux-professionnel-particulier\\\/credit-immobilier-financement\\\/achat-residence-principale-secondaire\\\/les-aides-a-laccession\\\/?customize_changeset_uuid=ca9bb9b5-ea51-4383-9fb7-7b8a42fab396#primaryimage\"},\"image\":{\"@id\":\"https:\\\/\\\/www.espacefinance.com\\\/133881bdd\\\/financement-immobilier-travaux-professionnel-particulier\\\/credit-immobilier-financement\\\/achat-residence-principale-secondaire\\\/les-aides-a-laccession\\\/?customize_changeset_uuid=ca9bb9b5-ea51-4383-9fb7-7b8a42fab396#primaryimage\"},\"thumbnailUrl\":\"https:\\\/\\\/www.espacefinance.com\\\/133881bdd\\\/wp-content\\\/uploads\\\/2022\\\/04\\\/Pret-habitat885x575.webp\",\"datePublished\":\"2022-04-04T15:11:23+00:00\",\"dateModified\":\"2022-04-08T14:36:53+00:00\",\"description\":\"Les aides \u00e0 l\u2019accession \u00e0 la propri\u00e9t\u00e9 destinent en g\u00e9n\u00e9ral \u00e0 des particuliers qui souhaitent acqu\u00e9rir leur r\u00e9sidence principale.\",\"breadcrumb\":{\"@id\":\"https:\\\/\\\/www.espacefinance.com\\\/133881bdd\\\/financement-immobilier-travaux-professionnel-particulier\\\/credit-immobilier-financement\\\/achat-residence-principale-secondaire\\\/les-aides-a-laccession\\\/?customize_changeset_uuid=ca9bb9b5-ea51-4383-9fb7-7b8a42fab396#breadcrumb\"},\"inLanguage\":\"fr-FR\",\"potentialAction\":[{\"@type\":\"ReadAction\",\"target\":[\"https:\\\/\\\/www.espacefinance.com\\\/133881bdd\\\/financement-immobilier-travaux-professionnel-particulier\\\/credit-immobilier-financement\\\/achat-residence-principale-secondaire\\\/les-aides-a-laccession\\\/?customize_changeset_uuid=ca9bb9b5-ea51-4383-9fb7-7b8a42fab396\"]}]},{\"@type\":\"ImageObject\",\"inLanguage\":\"fr-FR\",\"@id\":\"https:\\\/\\\/www.espacefinance.com\\\/133881bdd\\\/financement-immobilier-travaux-professionnel-particulier\\\/credit-immobilier-financement\\\/achat-residence-principale-secondaire\\\/les-aides-a-laccession\\\/?customize_changeset_uuid=ca9bb9b5-ea51-4383-9fb7-7b8a42fab396#primaryimage\",\"url\":\"https:\\\/\\\/www.espacefinance.com\\\/133881bdd\\\/wp-content\\\/uploads\\\/2022\\\/04\\\/Pret-habitat885x575.webp\",\"contentUrl\":\"https:\\\/\\\/www.espacefinance.com\\\/133881bdd\\\/wp-content\\\/uploads\\\/2022\\\/04\\\/Pret-habitat885x575.webp\",\"width\":585,\"height\":380,\"caption\":\"Pr\u00eats Aid\u00e9s\"},{\"@type\":\"BreadcrumbList\",\"@id\":\"https:\\\/\\\/www.espacefinance.com\\\/133881bdd\\\/financement-immobilier-travaux-professionnel-particulier\\\/credit-immobilier-financement\\\/achat-residence-principale-secondaire\\\/les-aides-a-laccession\\\/?customize_changeset_uuid=ca9bb9b5-ea51-4383-9fb7-7b8a42fab396#breadcrumb\",\"itemListElement\":[{\"@type\":\"ListItem\",\"position\":1,\"name\":\"Accueil\",\"item\":\"https:\\\/\\\/www.espacefinance.com\\\/133881bdd\\\/\"},{\"@type\":\"ListItem\",\"position\":2,\"name\":\"Financement\",\"item\":\"https:\\\/\\\/www.espacefinance.com\\\/133881bdd\\\/financement-immobilier-travaux-professionnel-particulier\\\/\"},{\"@type\":\"ListItem\",\"position\":3,\"name\":\"achat revente\",\"item\":\"https:\\\/\\\/www.espacefinance.com\\\/133881bdd\\\/financement-immobilier-travaux-professionnel-particulier\\\/credit-immobilier-financement\\\/\"},{\"@type\":\"ListItem\",\"position\":4,\"name\":\"R\u00e9sidence Principale \\\/ Secondaire\",\"item\":\"https:\\\/\\\/www.espacefinance.com\\\/133881bdd\\\/financement-immobilier-travaux-professionnel-particulier\\\/credit-immobilier-financement\\\/achat-residence-principale-secondaire\\\/\"},{\"@type\":\"ListItem\",\"position\":5,\"name\":\"les pr\u00eats aid\u00e9s\"}]},{\"@type\":\"WebSite\",\"@id\":\"https:\\\/\\\/www.espacefinance.com\\\/133881bdd\\\/#website\",\"url\":\"https:\\\/\\\/www.espacefinance.com\\\/133881bdd\\\/\",\"name\":\"N\u00eemes - Cr\u00e9dit Immobilier &amp; Assurances\",\"description\":\"Notre expertise \u00e0 votre service en toute transparence\",\"publisher\":{\"@id\":\"https:\\\/\\\/www.espacefinance.com\\\/133881bdd\\\/#organization\"},\"potentialAction\":[{\"@type\":\"SearchAction\",\"target\":{\"@type\":\"EntryPoint\",\"urlTemplate\":\"https:\\\/\\\/www.espacefinance.com\\\/133881bdd\\\/?s={search_term_string}\"},\"query-input\":{\"@type\":\"PropertyValueSpecification\",\"valueRequired\":true,\"valueName\":\"search_term_string\"}}],\"inLanguage\":\"fr-FR\"},{\"@type\":\"Organization\",\"@id\":\"https:\\\/\\\/www.espacefinance.com\\\/133881bdd\\\/#organization\",\"name\":\"ESPACE FINANCE LP\",\"url\":\"https:\\\/\\\/www.espacefinance.com\\\/133881bdd\\\/\",\"logo\":{\"@type\":\"ImageObject\",\"inLanguage\":\"fr-FR\",\"@id\":\"https:\\\/\\\/www.espacefinance.com\\\/133881bdd\\\/#\\\/schema\\\/logo\\\/image\\\/\",\"url\":\"https:\\\/\\\/www.espacefinance.com\\\/133881bdd\\\/wp-content\\\/uploads\\\/2022\\\/03\\\/LOGO-ESFI-YMANCI-022022.jpg\",\"contentUrl\":\"https:\\\/\\\/www.espacefinance.com\\\/133881bdd\\\/wp-content\\\/uploads\\\/2022\\\/03\\\/LOGO-ESFI-YMANCI-022022.jpg\",\"width\":1273,\"height\":710,\"caption\":\"ESPACE FINANCE LP\"},\"image\":{\"@id\":\"https:\\\/\\\/www.espacefinance.com\\\/133881bdd\\\/#\\\/schema\\\/logo\\\/image\\\/\"},\"sameAs\":[\"https:\\\/\\\/www.facebook.com\\\/ymanci.credit.immobilier.assurance\",\"https:\\\/\\\/x.com\\\/YMANCI_NIMES\",\"https:\\\/\\\/www.instagram.com\\\/espacefinancelp_ymanci_nimes\\\/?hl=fr\",\"https:\\\/\\\/www.linkedin.com\\\/showcase\\\/ymanci-nmes\\\/\",\"https:\\\/\\\/www.youtube.com\\\/channel\\\/UC1PRm7p_QVdRMUaS_Hq6zwA\"]}]}<\/script>\n<!-- \/ Yoast SEO Premium plugin. -->","yoast_head_json":{"title":"Les aides \u00e0 l'accession","description":"Les aides \u00e0 l\u2019accession \u00e0 la propri\u00e9t\u00e9 destinent en g\u00e9n\u00e9ral \u00e0 des particuliers qui souhaitent acqu\u00e9rir leur r\u00e9sidence principale.","robots":{"index":"index","follow":"follow","max-snippet":"max-snippet:-1","max-image-preview":"max-image-preview:large","max-video-preview":"max-video-preview:-1"},"canonical":"https:\/\/www.espacefinance.com\/133881bdd\/financement-immobilier-travaux-professionnel-particulier\/credit-immobilier-financement\/achat-residence-principale-secondaire\/les-aides-a-laccession\/?customize_changeset_uuid=ca9bb9b5-ea51-4383-9fb7-7b8a42fab396","og_locale":"fr_FR","og_type":"article","og_title":"Les aides \u00e0 l\u2019accession","og_description":"Les pr\u00eats aides \u00e0 l\u2019accession se destinent en g\u00e9n\u00e9ral \u00e0 des particuliers qui souhaitent acqu\u00e9rir leur r\u00e9sidence principale. Ces pr\u00eats peuvent vous permettre de financer tout ou partie du bien immobilier.\u00a0","og_url":"https:\/\/www.espacefinance.com\/133881bdd\/financement-immobilier-travaux-professionnel-particulier\/credit-immobilier-financement\/achat-residence-principale-secondaire\/les-aides-a-laccession\/?customize_changeset_uuid=ca9bb9b5-ea51-4383-9fb7-7b8a42fab396","og_site_name":"N\u00eemes - Cr\u00e9dit Immobilier &amp; Assurances","article_publisher":"https:\/\/www.facebook.com\/ymanci.credit.immobilier.assurance","article_modified_time":"2022-04-08T14:36:53+00:00","og_image":[{"width":585,"height":380,"url":"https:\/\/www.espacefinance.com\/133881bdd\/wp-content\/uploads\/2022\/04\/Pret-habitat885x575.webp","type":"image\/webp"}],"twitter_card":"summary_large_image","twitter_site":"@YMANCI_NIMES","twitter_misc":{"Dur\u00e9e de lecture estim\u00e9e":"5 minutes"},"schema":{"@context":"https:\/\/schema.org","@graph":[{"@type":"WebPage","@id":"https:\/\/www.espacefinance.com\/133881bdd\/financement-immobilier-travaux-professionnel-particulier\/credit-immobilier-financement\/achat-residence-principale-secondaire\/les-aides-a-l-accession\/","url":"https:\/\/www.espacefinance.com\/133881bdd\/financement-immobilier-travaux-professionnel-particulier\/credit-immobilier-financement\/achat-residence-principale-secondaire\/les-aides-a-laccession\/?customize_changeset_uuid=ca9bb9b5-ea51-4383-9fb7-7b8a42fab396","name":"Les aides \u00e0 l'accession","isPartOf":{"@id":"https:\/\/www.espacefinance.com\/133881bdd\/#website"},"primaryImageOfPage":{"@id":"https:\/\/www.espacefinance.com\/133881bdd\/financement-immobilier-travaux-professionnel-particulier\/credit-immobilier-financement\/achat-residence-principale-secondaire\/les-aides-a-laccession\/?customize_changeset_uuid=ca9bb9b5-ea51-4383-9fb7-7b8a42fab396#primaryimage"},"image":{"@id":"https:\/\/www.espacefinance.com\/133881bdd\/financement-immobilier-travaux-professionnel-particulier\/credit-immobilier-financement\/achat-residence-principale-secondaire\/les-aides-a-laccession\/?customize_changeset_uuid=ca9bb9b5-ea51-4383-9fb7-7b8a42fab396#primaryimage"},"thumbnailUrl":"https:\/\/www.espacefinance.com\/133881bdd\/wp-content\/uploads\/2022\/04\/Pret-habitat885x575.webp","datePublished":"2022-04-04T15:11:23+00:00","dateModified":"2022-04-08T14:36:53+00:00","description":"Les aides \u00e0 l\u2019accession \u00e0 la propri\u00e9t\u00e9 destinent en g\u00e9n\u00e9ral \u00e0 des particuliers qui souhaitent acqu\u00e9rir leur r\u00e9sidence principale.","breadcrumb":{"@id":"https:\/\/www.espacefinance.com\/133881bdd\/financement-immobilier-travaux-professionnel-particulier\/credit-immobilier-financement\/achat-residence-principale-secondaire\/les-aides-a-laccession\/?customize_changeset_uuid=ca9bb9b5-ea51-4383-9fb7-7b8a42fab396#breadcrumb"},"inLanguage":"fr-FR","potentialAction":[{"@type":"ReadAction","target":["https:\/\/www.espacefinance.com\/133881bdd\/financement-immobilier-travaux-professionnel-particulier\/credit-immobilier-financement\/achat-residence-principale-secondaire\/les-aides-a-laccession\/?customize_changeset_uuid=ca9bb9b5-ea51-4383-9fb7-7b8a42fab396"]}]},{"@type":"ImageObject","inLanguage":"fr-FR","@id":"https:\/\/www.espacefinance.com\/133881bdd\/financement-immobilier-travaux-professionnel-particulier\/credit-immobilier-financement\/achat-residence-principale-secondaire\/les-aides-a-laccession\/?customize_changeset_uuid=ca9bb9b5-ea51-4383-9fb7-7b8a42fab396#primaryimage","url":"https:\/\/www.espacefinance.com\/133881bdd\/wp-content\/uploads\/2022\/04\/Pret-habitat885x575.webp","contentUrl":"https:\/\/www.espacefinance.com\/133881bdd\/wp-content\/uploads\/2022\/04\/Pret-habitat885x575.webp","width":585,"height":380,"caption":"Pr\u00eats Aid\u00e9s"},{"@type":"BreadcrumbList","@id":"https:\/\/www.espacefinance.com\/133881bdd\/financement-immobilier-travaux-professionnel-particulier\/credit-immobilier-financement\/achat-residence-principale-secondaire\/les-aides-a-laccession\/?customize_changeset_uuid=ca9bb9b5-ea51-4383-9fb7-7b8a42fab396#breadcrumb","itemListElement":[{"@type":"ListItem","position":1,"name":"Accueil","item":"https:\/\/www.espacefinance.com\/133881bdd\/"},{"@type":"ListItem","position":2,"name":"Financement","item":"https:\/\/www.espacefinance.com\/133881bdd\/financement-immobilier-travaux-professionnel-particulier\/"},{"@type":"ListItem","position":3,"name":"achat revente","item":"https:\/\/www.espacefinance.com\/133881bdd\/financement-immobilier-travaux-professionnel-particulier\/credit-immobilier-financement\/"},{"@type":"ListItem","position":4,"name":"R\u00e9sidence Principale \/ Secondaire","item":"https:\/\/www.espacefinance.com\/133881bdd\/financement-immobilier-travaux-professionnel-particulier\/credit-immobilier-financement\/achat-residence-principale-secondaire\/"},{"@type":"ListItem","position":5,"name":"les pr\u00eats aid\u00e9s"}]},{"@type":"WebSite","@id":"https:\/\/www.espacefinance.com\/133881bdd\/#website","url":"https:\/\/www.espacefinance.com\/133881bdd\/","name":"N\u00eemes - Cr\u00e9dit Immobilier &amp; Assurances","description":"Notre expertise \u00e0 votre service en toute transparence","publisher":{"@id":"https:\/\/www.espacefinance.com\/133881bdd\/#organization"},"potentialAction":[{"@type":"SearchAction","target":{"@type":"EntryPoint","urlTemplate":"https:\/\/www.espacefinance.com\/133881bdd\/?s={search_term_string}"},"query-input":{"@type":"PropertyValueSpecification","valueRequired":true,"valueName":"search_term_string"}}],"inLanguage":"fr-FR"},{"@type":"Organization","@id":"https:\/\/www.espacefinance.com\/133881bdd\/#organization","name":"ESPACE FINANCE LP","url":"https:\/\/www.espacefinance.com\/133881bdd\/","logo":{"@type":"ImageObject","inLanguage":"fr-FR","@id":"https:\/\/www.espacefinance.com\/133881bdd\/#\/schema\/logo\/image\/","url":"https:\/\/www.espacefinance.com\/133881bdd\/wp-content\/uploads\/2022\/03\/LOGO-ESFI-YMANCI-022022.jpg","contentUrl":"https:\/\/www.espacefinance.com\/133881bdd\/wp-content\/uploads\/2022\/03\/LOGO-ESFI-YMANCI-022022.jpg","width":1273,"height":710,"caption":"ESPACE FINANCE LP"},"image":{"@id":"https:\/\/www.espacefinance.com\/133881bdd\/#\/schema\/logo\/image\/"},"sameAs":["https:\/\/www.facebook.com\/ymanci.credit.immobilier.assurance","https:\/\/x.com\/YMANCI_NIMES","https:\/\/www.instagram.com\/espacefinancelp_ymanci_nimes\/?hl=fr","https:\/\/www.linkedin.com\/showcase\/ymanci-nmes\/","https:\/\/www.youtube.com\/channel\/UC1PRm7p_QVdRMUaS_Hq6zwA"]}]}},"_links":{"self":[{"href":"https:\/\/www.espacefinance.com\/133881bdd\/wp-json\/wp\/v2\/pages\/2055","targetHints":{"allow":["GET"]}}],"collection":[{"href":"https:\/\/www.espacefinance.com\/133881bdd\/wp-json\/wp\/v2\/pages"}],"about":[{"href":"https:\/\/www.espacefinance.com\/133881bdd\/wp-json\/wp\/v2\/types\/page"}],"author":[{"embeddable":true,"href":"https:\/\/www.espacefinance.com\/133881bdd\/wp-json\/wp\/v2\/users\/1"}],"replies":[{"embeddable":true,"href":"https:\/\/www.espacefinance.com\/133881bdd\/wp-json\/wp\/v2\/comments?post=2055"}],"version-history":[{"count":0,"href":"https:\/\/www.espacefinance.com\/133881bdd\/wp-json\/wp\/v2\/pages\/2055\/revisions"}],"up":[{"embeddable":true,"href":"https:\/\/www.espacefinance.com\/133881bdd\/wp-json\/wp\/v2\/pages\/284"}],"wp:featuredmedia":[{"embeddable":true,"href":"https:\/\/www.espacefinance.com\/133881bdd\/wp-json\/wp\/v2\/media\/2319"}],"wp:attachment":[{"href":"https:\/\/www.espacefinance.com\/133881bdd\/wp-json\/wp\/v2\/media?parent=2055"}],"curies":[{"name":"wp","href":"https:\/\/api.w.org\/{rel}","templated":true}]}}