{"id":1283,"date":"2022-03-15T17:14:05","date_gmt":"2022-03-15T16:14:05","guid":{"rendered":"https:\/\/www.espacefinance.com\/133881bdd\/?page_id=1283"},"modified":"2022-03-22T13:01:12","modified_gmt":"2022-03-22T12:01:12","slug":"garanties-facultatives-de-lassurance-auto","status":"publish","type":"page","link":"https:\/\/www.espacefinance.com\/133881bdd\/assurances-particuliers-professionnel-entreprise\/assurances-particuliers-auto-habitation\/assurance-vehicules-auto\/garanties-facultatives-de-lassurance-auto\/","title":{"rendered":"Garanties facultatives de l&rsquo;assurance auto"},"content":{"rendered":"\n<h1 class=\"has-text-align-center wp-block-heading\" id=\"garanties-assurance-auto\">Les garanties facultatives de l\u2019assurance auto<\/h1>\n\n\n\n<div class=\"wp-block-media-text alignwide is-stacked-on-mobile\"><figure class=\"wp-block-media-text__media\"><img decoding=\"async\" width=\"799\" height=\"328\" src=\"https:\/\/www.espacefinance.com\/133881bdd\/wp-content\/uploads\/2022\/03\/assurance-@tableau-formules-auto.jpg\" alt=\"\" class=\"wp-image-1284 size-full\" srcset=\"https:\/\/www.espacefinance.com\/133881bdd\/wp-content\/uploads\/2022\/03\/assurance-@tableau-formules-auto.jpg 799w, https:\/\/www.espacefinance.com\/133881bdd\/wp-content\/uploads\/2022\/03\/assurance-@tableau-formules-auto-300x123.jpg 300w, https:\/\/www.espacefinance.com\/133881bdd\/wp-content\/uploads\/2022\/03\/assurance-@tableau-formules-auto-768x315.jpg 768w\" sizes=\"(max-width: 799px) 100vw, 799px\" \/><\/figure><div class=\"wp-block-media-text__content\">\n<p class=\"has-medium-font-size\" style=\"font-style:normal;font-weight:100\">L\u2019assur\u00e9 qui ne trouverait pas la garantie&nbsp;responsabilit\u00e9 civile&nbsp;suffisamment protectrice peut choisir de souscrire des garanties plus \u00e9tendues et se pr\u00e9munir face \u00e0 davantage de situations. <\/p>\n<\/div><\/div>\n\n\n\n<hr class=\"wp-block-separator aligncenter\"\/>\n\n\n\n<p class=\"has-small-font-size\"> Ces&nbsp;<strong>options et extensions de garanties<\/strong>&nbsp;vont automatiquement r\u00e9\u00e9valuer \u00e0 la hausse la prime d\u2019assurance auto. Elles peuvent concerner les dommages caus\u00e9s au v\u00e9hicule, des usages sp\u00e9cifiques ou couvrir les biens \u00e0 l\u2019int\u00e9rieur de la voiture.<\/p>\n\n\n\n<hr class=\"wp-block-separator aligncenter\"\/>\n\n\n\n<h3 class=\"wp-block-heading\">Les garanties de dommages au v\u00e9hicule<\/h3>\n\n\n\n<p class=\"has-small-font-size\" id=\"garanties-assurance-auto\">Souscrire des&nbsp;<strong>garanties dommages<\/strong>&nbsp;en plus de l\u2019assurance au tiers permet de b\u00e9n\u00e9ficier d\u2019une indemnisation lorsque le v\u00e9hicule assur\u00e9 est endommag\u00e9 \u00e0 la suite d\u2019un sinistre.Pour toujours b\u00e9n\u00e9ficier d\u2019une prise en charge optimale par l\u2019assurance, il est n\u00e9cessaire de d\u00e9clarer l\u2019installation d\u2019accessoires hors-s\u00e9rie (jantes, radio, t\u00e9l\u00e9phone, coffre de toit\u2026) sur l\u2019auto assur\u00e9e.<\/p>\n\n\n\n<p><strong>La garantie dommage tous accidents ou tous risques<\/strong><\/p>\n\n\n\n<p class=\"has-small-font-size\">La garantie tous risques prend en charge tous les dommages subis par le v\u00e9hicule quelles que soient les circonstances de l\u2019accident&nbsp;ou la responsabilit\u00e9 du conducteur.<\/p>\n\n\n\n<p><strong>La garantie dommages collision<\/strong><\/p>\n\n\n\n<p class=\"has-small-font-size\">Cette garantie rembourse les d\u00e9g\u00e2ts caus\u00e9s au v\u00e9hicule en cas de collision avec une autre voiture, un pi\u00e9ton ou un animal. Dans chaque cas de figure, le propri\u00e9taire du v\u00e9hicule concern\u00e9, le pi\u00e9ton ou l\u2019animal doit \u00eatre identifi\u00e9. Si ce n\u2019est pas le cas, c\u2019est-\u00e0-dire que la voiture prend la fuite ou qu\u2019il s\u2019agit d\u2019un&nbsp;animal sauvage, aucun remboursement n\u2019est alors possible.<\/p>\n\n\n\n<p><strong>La garantie incendie et vol<\/strong><\/p>\n\n\n\n<p class=\"has-small-font-size\">La garantie incendie et&nbsp;vol&nbsp;indemnise le propri\u00e9taire du v\u00e9hicule lorsque celui-ci est endommag\u00e9 ou d\u00e9truit par le feu, ou encore lorsqu\u2019il est vol\u00e9. L\u2019indemnit\u00e9 varie en fonction des conditions pr\u00e9vues par l\u2019assurance : elle peut se baser sur la valeur de la voiture au moment du sinistre ou sur une valeur conventionnelle indiqu\u00e9e dans le contrat.<\/p>\n\n\n\n<p class=\"has-small-font-size\">La garantie&nbsp;vandalisme, parfois associ\u00e9e \u00e0 la garantie vol, couvre l\u2019assur\u00e9 contre tous les risques de graffitis, rayures, r\u00e9troviseur cass\u00e9, etc.<\/p>\n\n\n\n<p><strong>La garantie bris de glace<\/strong><\/p>\n\n\n\n<p class=\"has-small-font-size\">La garantie bris de glace va entrer en jeu en cas de dommages subis par le pare-brise du v\u00e9hicule assur\u00e9. Si le contrat d\u2019assurance le pr\u00e9voit, cette couverture peut \u00eatre \u00e9tendue aux vitres lat\u00e9rales, arri\u00e8re et de toit ainsi qu\u2019aux optiques des phares ou aux&nbsp;r\u00e9troviseurs&nbsp;ext\u00e9rieurs.<\/p>\n\n\n\n<figure class=\"wp-block-image\" id=\"assurance-bris-de-glace\"><img decoding=\"async\" src=\"https:\/\/cdn.lelynx.fr\/wp-content\/uploads\/2010\/05\/garantie-bris-de-glace.jpg\" alt=\"garantie bris de glace avec ou sans franchise\" class=\"wp-image-16843\" title=\"bris-de-glace\"\/><\/figure>\n\n\n\n<h3 class=\"wp-block-heading\">Les garanties suppl\u00e9mentaires li\u00e9es aux garanties dommages<\/h3>\n\n\n\n<p class=\"has-small-font-size\">Plusieurs garanties sont obligatoirement incluses lors de la souscription de garanties dommages (tous accidents, dommages collision, vol, incendie\u2026). Le v\u00e9hicule est alors automatiquement couvert face aux catastrophes naturelles, catastrophes technologiques, temp\u00eates et attentats.<\/p>\n\n\n\n<p class=\"has-small-font-size\">Lorsque seule la garantie&nbsp;bris de glace&nbsp;est souscrite par l\u2019assur\u00e9, les garanties suppl\u00e9mentaires \u00e9nonc\u00e9es ci-dessus sont limit\u00e9es aux seuls \u00e9l\u00e9ments entrant dans le cadre d\u2019une garantie bris de glace.<\/p>\n\n\n\n<p><strong>La garantie temp\u00eate<\/strong><\/p>\n\n\n\n<p class=\"has-small-font-size\">Les dommages caus\u00e9s au v\u00e9hicule par une temp\u00eate, notamment des effets de vent, sont pris en charge par l\u2019assurance auto.<\/p>\n\n\n\n<p><strong>La garantie catastrophe naturelles ou technologique<\/strong><\/p>\n\n\n\n<p class=\"has-small-font-size\">La voiture est couverte contre les d\u00e9g\u00e2ts mat\u00e9riels caus\u00e9s par une&nbsp;catastrophe naturelle&nbsp;(inondation, tremblement de terre, avalanche, raz de mar\u00e9e\u2026) ou une catastrophe technologique (stockage souterrain de produits dangereux, transport de mati\u00e8res dangereuses\u2026). Dans un cas comme dans l\u2019autre, l\u2019\u00e9tat de catastrophe doit faire l\u2019objet d\u2019un arr\u00eat\u00e9 interminist\u00e9riel au Journal officiel pour que l\u2019assurance puisse indemniser le propri\u00e9taire.<\/p>\n\n\n\n<p><strong>La garantie attentat et acte de terrorisme<\/strong><\/p>\n\n\n\n<p class=\"has-small-font-size\">Cette assurance pr\u00e9voit l\u2019indemnisation&nbsp;des dommages r\u00e9sultant d\u2019actes de terrorisme et d\u2019attentats lorsqu\u2019ils sont commis sur le territoire national.<\/p>\n\n\n\n<h3 class=\"wp-block-heading\">Les garanties compl\u00e9mentaires<\/h3>\n\n\n\n<p class=\"has-small-font-size\">En plus des assurances couvrant les dommages du v\u00e9hicule, d\u2019autres garanties peuvent intervenir dans des situations pr\u00e9cisent qui n\u2019impliquent pas n\u00e9cessairement un accident ou des dommages mat\u00e9riels.<\/p>\n\n\n\n<p><strong>La garantie panne m\u00e9canique<\/strong><\/p>\n\n\n\n<p class=\"has-small-font-size\">La garantie&nbsp;panne m\u00e9canique&nbsp;permet l\u2019indemnisation par l\u2019assurance des frais de r\u00e9parations li\u00e9s \u00e0 la panne du v\u00e9hicule assur\u00e9. En fonction des prestations propos\u00e9es l\u2019assureur, la garantie peur couvrir diff\u00e9rentes parties de la voiture (moteur, composants \u00e9lectriques, alimentation\u2026).<\/p>\n\n\n\n<p><strong>La garantie \u00ab&nbsp;contenu du v\u00e9hicule&nbsp;\u00bb<\/strong><\/p>\n\n\n\n<p class=\"has-small-font-size\">Cette protection peut intervenir en cas de d\u00e9gradation ou de disparition d\u2019objets pr\u00e9sents \u00e0 l\u2019int\u00e9rieur du v\u00e9hicule assur\u00e9, qu\u2019ils soient de nature personnelle ou professionnelle.<\/p>\n\n\n\n<p><strong>Le pr\u00eat du v\u00e9hicule ou garantie pr\u00eat de volant<\/strong><\/p>\n\n\n\n<p class=\"has-small-font-size\">Les assur\u00e9s souhaitant pr\u00eater leur voiture \u00e0 un proche doivent g\u00e9n\u00e9ralement d\u00e9clarer un conducteur secondaire ou souscrire une garantie&nbsp;<strong>pr\u00eat de volant<\/strong>, qui pr\u00e9voit le pr\u00eat de la voiture \u00e0 un tiers de confiance sous certaines conditions pr\u00e9vues dans le contrat.<\/p>\n\n\n\n<figure class=\"wp-block-image\"><img decoding=\"async\" src=\"https:\/\/cdn.lelynx.fr\/wp-content\/uploads\/2016\/02\/conducteur-secondaire-couple.jpg\" alt=\"garantie pr\u00eat de volant\" class=\"wp-image-22384\"\/><\/figure>\n\n\n\n<h2 class=\"wp-block-heading\">La garantie personnelle du conducteur<\/h2>\n\n\n\n<p class=\"has-small-font-size\">Le plus souvent pr\u00e9sente dans les formules d\u2019<strong>assurance tous risques<\/strong>, la&nbsp;<strong>garantie personnelle du conducteur<\/strong>&nbsp;est la seule protection pouvant prendre en charge les dommages corporels subis par le conducteur assur\u00e9, ind\u00e9pendamment de sa responsabilit\u00e9 dans l\u2019accident.<\/p>\n\n\n\n<p class=\"has-small-font-size\">Selon les conditions pr\u00e9vues par le contrat, la garantie du conducteur couvre ce dernier uniquement \u00e0 bord de la voiture assur\u00e9e ou s\u2019\u00e9tend \u00e0 tout autre v\u00e9hicule qu\u2019il pourrait conduire (pr\u00eat, location\u2026).<\/p>\n\n\n\n<p class=\"has-small-font-size\">La garantie personnelle du conducteur prend en charge les frais m\u00e9dicaux, le pr\u00e9judice subi et \u00e9ventuellement la perte des revenus li\u00e9e \u00e0 un arr\u00eat de travail.<\/p>\n\n\n\n<h2 class=\"wp-block-heading\">Les garanties facultatives de services<\/h2>\n\n\n\n<p class=\"has-small-font-size\">Pour compl\u00e9ter la couverture du v\u00e9hicule l\u2019assur\u00e9 a la possibilit\u00e9 de souscrire des&nbsp;<strong>garanties facultatives suppl\u00e9mentaires<\/strong>&nbsp;portant sur des services d\u2019assistance.<\/p>\n\n\n\n<h4 class=\"wp-block-heading\">La garantie de protection juridique ou \u00ab&nbsp;d\u00e9fense recours&nbsp;\u00bb<\/h4>\n\n\n\n<p class=\"has-small-font-size\">Dans le cadre d\u2019un sinistre, l\u2019assur\u00e9 peut \u00eatre engag\u00e9 dans une proc\u00e9dure de justice qui l\u2019oppose \u00e0 un tiers. La garantie&nbsp;<strong>protection juridique<\/strong>&nbsp;permet \u00e0 l\u2019assur\u00e9 d\u2019\u00eatre repr\u00e9sent\u00e9 et d\u00e9fendu par la compagnie d\u2019assurance. Elle prendra alors en charge les honoraires de l\u2019avocat, les frais d\u2019expertise et de proc\u00e9dure. Cette garantie est g\u00e9n\u00e9ralement soumises \u00e0 de nombreuses conditions, comme des plafonds d\u2019honoraires ou des d\u00e9lais de carence.<\/p>\n\n\n\n<h4 class=\"wp-block-heading\">La garantie assistance d\u00e9pannage<\/h4>\n\n\n\n<p class=\"has-small-font-size\">La plupart des compagnies d\u2019assurance auto proposent des services d\u2019assistance en cas de panne, souvent accessibles 24h\/24. La garantie assistance d\u00e9pannage comprend g\u00e9n\u00e9ralement le remorquage du v\u00e9hicule, l\u2019h\u00e9bergement du conducteur ou encore une voiture de remplacement le temps des r\u00e9parations. Les garanties d\u2019assurance auto qu\u2019il est possible de souscrire sont multiples et peuvent couvrir un grand nombre de sinistres. Si davantage de garanties \u00e9quivaut \u00e0 une meilleure protection, le co\u00fbt de l\u2019assurance va rapidement grimper. Il est donc judicieux de comparer les garanties et les tarifs pour s\u2019assurer de trouver la\u00a0meilleure assurance auto\u00a0au prix le plus avantageux.<\/p>\n\n\n\n<div class=\"wp-block-buttons is-layout-flex wp-block-buttons-is-layout-flex\">\n<div class=\"wp-block-button\"><a class=\"wp-block-button__link has-colibri-color-3-background-color has-background\" href=\"https:\/\/www.espacefinance.com\/133881bdd\/wp-content\/uploads\/2022\/03\/Devis-Auto-classique-Site.pdf\">Demandez un devis (joindre un relev\u00e9 d&rsquo;information)<\/a><\/div>\n<\/div>\n","protected":false},"excerpt":{"rendered":"<p>Les garanties facultatives de l\u2019assurance auto L\u2019assur\u00e9 qui ne trouverait pas la garantie&nbsp;responsabilit\u00e9 civile&nbsp;suffisamment protectrice peut choisir de souscrire des garanties plus \u00e9tendues et se pr\u00e9munir face \u00e0 davantage de situations. Ces&nbsp;options et extensions de garanties&nbsp;vont automatiquement r\u00e9\u00e9valuer \u00e0 la hausse la prime d\u2019assurance auto. Elles peuvent concerner les dommages caus\u00e9s au v\u00e9hicule, des usages [&hellip;]<\/p>\n","protected":false},"author":1,"featured_media":1284,"parent":1275,"menu_order":1,"comment_status":"closed","ping_status":"closed","template":"","meta":{"footnotes":""},"class_list":["post-1283","page","type-page","status-publish","has-post-thumbnail","hentry"],"yoast_head":"<!-- This site is optimized with the Yoast SEO Premium plugin v20.0 (Yoast SEO v27.5) - https:\/\/yoast.com\/product\/yoast-seo-premium-wordpress\/ -->\n<title>Garanties Facultatives Assurance Atuo<\/title>\n<meta name=\"description\" content=\"L\u2019assur\u00e9 qui ne trouverait pas la garantie\u00a0responsabilit\u00e9 civile\u00a0suffisamment protectrice peut choisir de souscrire des garanties plus \u00e9tendues et se pr\u00e9munir face \u00e0 davantage de situations. Ces\u00a0options et extensions de garanties\u00a0vont automatiquement r\u00e9\u00e9valuer \u00e0 la hausse la prime d\u2019assurance auto. Elles peuvent concerner les dommages caus\u00e9s au v\u00e9hicule, des usages sp\u00e9cifiques ou couvrir les biens \u00e0 l\u2019int\u00e9rieur de la voiture.\" \/>\n<meta name=\"robots\" content=\"index, follow, max-snippet:-1, max-image-preview:large, max-video-preview:-1\" \/>\n<link rel=\"canonical\" href=\"https:\/\/www.espacefinance.com\/133881bdd\/assurances-particuliers-professionnel-entreprise\/assurances-particuliers-auto-habitation\/assurance-vehicules-auto\/garanties-facultatives-de-lassurance-auto\/\" \/>\n<meta property=\"og:locale\" content=\"fr_FR\" \/>\n<meta property=\"og:type\" content=\"article\" \/>\n<meta property=\"og:title\" content=\"Garanties facultatives assurance auto\" \/>\n<meta property=\"og:description\" content=\"Souscrire des\u00a0garanties dommages\u00a0en plus de l\u2019assurance au tiers permet de b\u00e9n\u00e9ficier d\u2019une indemnisation lorsque le v\u00e9hicule assur\u00e9 est endommag\u00e9 \u00e0 la suite d\u2019un sinistre.Pour toujours b\u00e9n\u00e9ficier d\u2019une prise en charge optimale par l\u2019assurance, il est n\u00e9cessaire de d\u00e9clarer l\u2019installation d\u2019accessoires hors-s\u00e9rie (jantes, radio, t\u00e9l\u00e9phone, coffre de toit\u2026) sur l\u2019auto assur\u00e9e.\" \/>\n<meta property=\"og:url\" content=\"https:\/\/www.espacefinance.com\/133881bdd\/assurances-particuliers-professionnel-entreprise\/assurances-particuliers-auto-habitation\/assurance-vehicules-auto\/garanties-facultatives-de-lassurance-auto\/\" \/>\n<meta property=\"og:site_name\" content=\"N\u00eemes - Cr\u00e9dit Immobilier &amp; Assurances\" \/>\n<meta property=\"article:publisher\" content=\"https:\/\/www.facebook.com\/ymanci.credit.immobilier.assurance\" \/>\n<meta property=\"article:modified_time\" content=\"2022-03-22T12:01:12+00:00\" \/>\n<meta property=\"og:image\" content=\"https:\/\/www.espacefinance.com\/133881bdd\/wp-content\/uploads\/2022\/03\/assurance-@tableau-formules-auto.jpg\" \/>\n\t<meta property=\"og:image:width\" content=\"799\" \/>\n\t<meta property=\"og:image:height\" content=\"328\" \/>\n\t<meta property=\"og:image:type\" content=\"image\/jpeg\" \/>\n<meta name=\"twitter:card\" content=\"summary_large_image\" \/>\n<meta name=\"twitter:title\" content=\"Garanties facultatives de l&#039;assurance auto\" \/>\n<meta name=\"twitter:site\" content=\"@YMANCI_NIMES\" \/>\n<meta name=\"twitter:label1\" content=\"Dur\u00e9e de lecture estim\u00e9e\" \/>\n\t<meta name=\"twitter:data1\" content=\"6 minutes\" \/>\n<script type=\"application\/ld+json\" class=\"yoast-schema-graph\">{\"@context\":\"https:\\\/\\\/schema.org\",\"@graph\":[{\"@type\":\"WebPage\",\"@id\":\"https:\\\/\\\/www.espacefinance.com\\\/133881bdd\\\/assurances-particuliers-professionnel-entreprise\\\/assurances-particuliers-auto-habitation\\\/assurance-vehicules-auto\\\/garanties-facultatives-de-lassurance-auto\\\/\",\"url\":\"https:\\\/\\\/www.espacefinance.com\\\/133881bdd\\\/assurances-particuliers-professionnel-entreprise\\\/assurances-particuliers-auto-habitation\\\/assurance-vehicules-auto\\\/garanties-facultatives-de-lassurance-auto\\\/\",\"name\":\"Garanties Facultatives Assurance Atuo\",\"isPartOf\":{\"@id\":\"https:\\\/\\\/www.espacefinance.com\\\/133881bdd\\\/#website\"},\"primaryImageOfPage\":{\"@id\":\"https:\\\/\\\/www.espacefinance.com\\\/133881bdd\\\/assurances-particuliers-professionnel-entreprise\\\/assurances-particuliers-auto-habitation\\\/assurance-vehicules-auto\\\/garanties-facultatives-de-lassurance-auto\\\/#primaryimage\"},\"image\":{\"@id\":\"https:\\\/\\\/www.espacefinance.com\\\/133881bdd\\\/assurances-particuliers-professionnel-entreprise\\\/assurances-particuliers-auto-habitation\\\/assurance-vehicules-auto\\\/garanties-facultatives-de-lassurance-auto\\\/#primaryimage\"},\"thumbnailUrl\":\"https:\\\/\\\/www.espacefinance.com\\\/133881bdd\\\/wp-content\\\/uploads\\\/2022\\\/03\\\/assurance-@tableau-formules-auto.jpg\",\"datePublished\":\"2022-03-15T16:14:05+00:00\",\"dateModified\":\"2022-03-22T12:01:12+00:00\",\"description\":\"L\u2019assur\u00e9 qui ne trouverait pas la garantie\u00a0responsabilit\u00e9 civile\u00a0suffisamment protectrice peut choisir de souscrire des garanties plus \u00e9tendues et se pr\u00e9munir face \u00e0 davantage de situations. Ces\u00a0options et extensions de garanties\u00a0vont automatiquement r\u00e9\u00e9valuer \u00e0 la hausse la prime d\u2019assurance auto. Elles peuvent concerner les dommages caus\u00e9s au v\u00e9hicule, des usages sp\u00e9cifiques ou couvrir les biens \u00e0 l\u2019int\u00e9rieur de la voiture.\",\"breadcrumb\":{\"@id\":\"https:\\\/\\\/www.espacefinance.com\\\/133881bdd\\\/assurances-particuliers-professionnel-entreprise\\\/assurances-particuliers-auto-habitation\\\/assurance-vehicules-auto\\\/garanties-facultatives-de-lassurance-auto\\\/#breadcrumb\"},\"inLanguage\":\"fr-FR\",\"potentialAction\":[{\"@type\":\"ReadAction\",\"target\":[\"https:\\\/\\\/www.espacefinance.com\\\/133881bdd\\\/assurances-particuliers-professionnel-entreprise\\\/assurances-particuliers-auto-habitation\\\/assurance-vehicules-auto\\\/garanties-facultatives-de-lassurance-auto\\\/\"]}]},{\"@type\":\"ImageObject\",\"inLanguage\":\"fr-FR\",\"@id\":\"https:\\\/\\\/www.espacefinance.com\\\/133881bdd\\\/assurances-particuliers-professionnel-entreprise\\\/assurances-particuliers-auto-habitation\\\/assurance-vehicules-auto\\\/garanties-facultatives-de-lassurance-auto\\\/#primaryimage\",\"url\":\"https:\\\/\\\/www.espacefinance.com\\\/133881bdd\\\/wp-content\\\/uploads\\\/2022\\\/03\\\/assurance-@tableau-formules-auto.jpg\",\"contentUrl\":\"https:\\\/\\\/www.espacefinance.com\\\/133881bdd\\\/wp-content\\\/uploads\\\/2022\\\/03\\\/assurance-@tableau-formules-auto.jpg\",\"width\":799,\"height\":328,\"caption\":\"Formules assurances auto\"},{\"@type\":\"BreadcrumbList\",\"@id\":\"https:\\\/\\\/www.espacefinance.com\\\/133881bdd\\\/assurances-particuliers-professionnel-entreprise\\\/assurances-particuliers-auto-habitation\\\/assurance-vehicules-auto\\\/garanties-facultatives-de-lassurance-auto\\\/#breadcrumb\",\"itemListElement\":[{\"@type\":\"ListItem\",\"position\":1,\"name\":\"Accueil\",\"item\":\"https:\\\/\\\/www.espacefinance.com\\\/133881bdd\\\/\"},{\"@type\":\"ListItem\",\"position\":2,\"name\":\"Courtage en Assurances\",\"item\":\"https:\\\/\\\/www.espacefinance.com\\\/133881bdd\\\/assurances-particuliers-professionnel-entreprise\\\/\"},{\"@type\":\"ListItem\",\"position\":3,\"name\":\"Assurances pour les particuliers\",\"item\":\"https:\\\/\\\/www.espacefinance.com\\\/133881bdd\\\/assurances-particuliers-professionnel-entreprise\\\/assurances-particuliers-auto-habitation\\\/\"},{\"@type\":\"ListItem\",\"position\":4,\"name\":\"V\u00e9hicules\",\"item\":\"https:\\\/\\\/www.espacefinance.com\\\/133881bdd\\\/assurances-particuliers-professionnel-entreprise\\\/assurances-particuliers-auto-habitation\\\/assurance-vehicules-auto\\\/\"},{\"@type\":\"ListItem\",\"position\":5,\"name\":\"Garanties facultatives de l&rsquo;assurance auto\"}]},{\"@type\":\"WebSite\",\"@id\":\"https:\\\/\\\/www.espacefinance.com\\\/133881bdd\\\/#website\",\"url\":\"https:\\\/\\\/www.espacefinance.com\\\/133881bdd\\\/\",\"name\":\"N\u00eemes - Cr\u00e9dit Immobilier &amp; Assurances\",\"description\":\"Notre expertise \u00e0 votre service en toute transparence\",\"publisher\":{\"@id\":\"https:\\\/\\\/www.espacefinance.com\\\/133881bdd\\\/#organization\"},\"potentialAction\":[{\"@type\":\"SearchAction\",\"target\":{\"@type\":\"EntryPoint\",\"urlTemplate\":\"https:\\\/\\\/www.espacefinance.com\\\/133881bdd\\\/?s={search_term_string}\"},\"query-input\":{\"@type\":\"PropertyValueSpecification\",\"valueRequired\":true,\"valueName\":\"search_term_string\"}}],\"inLanguage\":\"fr-FR\"},{\"@type\":\"Organization\",\"@id\":\"https:\\\/\\\/www.espacefinance.com\\\/133881bdd\\\/#organization\",\"name\":\"ESPACE FINANCE LP\",\"url\":\"https:\\\/\\\/www.espacefinance.com\\\/133881bdd\\\/\",\"logo\":{\"@type\":\"ImageObject\",\"inLanguage\":\"fr-FR\",\"@id\":\"https:\\\/\\\/www.espacefinance.com\\\/133881bdd\\\/#\\\/schema\\\/logo\\\/image\\\/\",\"url\":\"https:\\\/\\\/www.espacefinance.com\\\/133881bdd\\\/wp-content\\\/uploads\\\/2022\\\/03\\\/LOGO-ESFI-YMANCI-022022.jpg\",\"contentUrl\":\"https:\\\/\\\/www.espacefinance.com\\\/133881bdd\\\/wp-content\\\/uploads\\\/2022\\\/03\\\/LOGO-ESFI-YMANCI-022022.jpg\",\"width\":1273,\"height\":710,\"caption\":\"ESPACE FINANCE LP\"},\"image\":{\"@id\":\"https:\\\/\\\/www.espacefinance.com\\\/133881bdd\\\/#\\\/schema\\\/logo\\\/image\\\/\"},\"sameAs\":[\"https:\\\/\\\/www.facebook.com\\\/ymanci.credit.immobilier.assurance\",\"https:\\\/\\\/x.com\\\/YMANCI_NIMES\",\"https:\\\/\\\/www.instagram.com\\\/espacefinancelp_ymanci_nimes\\\/?hl=fr\",\"https:\\\/\\\/www.linkedin.com\\\/showcase\\\/ymanci-nmes\\\/\",\"https:\\\/\\\/www.youtube.com\\\/channel\\\/UC1PRm7p_QVdRMUaS_Hq6zwA\"]}]}<\/script>\n<!-- \/ Yoast SEO Premium plugin. -->","yoast_head_json":{"title":"Garanties Facultatives Assurance Atuo","description":"L\u2019assur\u00e9 qui ne trouverait pas la garantie\u00a0responsabilit\u00e9 civile\u00a0suffisamment protectrice peut choisir de souscrire des garanties plus \u00e9tendues et se pr\u00e9munir face \u00e0 davantage de situations. Ces\u00a0options et extensions de garanties\u00a0vont automatiquement r\u00e9\u00e9valuer \u00e0 la hausse la prime d\u2019assurance auto. Elles peuvent concerner les dommages caus\u00e9s au v\u00e9hicule, des usages sp\u00e9cifiques ou couvrir les biens \u00e0 l\u2019int\u00e9rieur de la voiture.","robots":{"index":"index","follow":"follow","max-snippet":"max-snippet:-1","max-image-preview":"max-image-preview:large","max-video-preview":"max-video-preview:-1"},"canonical":"https:\/\/www.espacefinance.com\/133881bdd\/assurances-particuliers-professionnel-entreprise\/assurances-particuliers-auto-habitation\/assurance-vehicules-auto\/garanties-facultatives-de-lassurance-auto\/","og_locale":"fr_FR","og_type":"article","og_title":"Garanties facultatives assurance auto","og_description":"Souscrire des\u00a0garanties dommages\u00a0en plus de l\u2019assurance au tiers permet de b\u00e9n\u00e9ficier d\u2019une indemnisation lorsque le v\u00e9hicule assur\u00e9 est endommag\u00e9 \u00e0 la suite d\u2019un sinistre.Pour toujours b\u00e9n\u00e9ficier d\u2019une prise en charge optimale par l\u2019assurance, il est n\u00e9cessaire de d\u00e9clarer l\u2019installation d\u2019accessoires hors-s\u00e9rie (jantes, radio, t\u00e9l\u00e9phone, coffre de toit\u2026) sur l\u2019auto assur\u00e9e.","og_url":"https:\/\/www.espacefinance.com\/133881bdd\/assurances-particuliers-professionnel-entreprise\/assurances-particuliers-auto-habitation\/assurance-vehicules-auto\/garanties-facultatives-de-lassurance-auto\/","og_site_name":"N\u00eemes - Cr\u00e9dit Immobilier &amp; Assurances","article_publisher":"https:\/\/www.facebook.com\/ymanci.credit.immobilier.assurance","article_modified_time":"2022-03-22T12:01:12+00:00","og_image":[{"width":799,"height":328,"url":"https:\/\/www.espacefinance.com\/133881bdd\/wp-content\/uploads\/2022\/03\/assurance-@tableau-formules-auto.jpg","type":"image\/jpeg"}],"twitter_card":"summary_large_image","twitter_title":"Garanties facultatives de l'assurance auto","twitter_site":"@YMANCI_NIMES","twitter_misc":{"Dur\u00e9e de lecture estim\u00e9e":"6 minutes"},"schema":{"@context":"https:\/\/schema.org","@graph":[{"@type":"WebPage","@id":"https:\/\/www.espacefinance.com\/133881bdd\/assurances-particuliers-professionnel-entreprise\/assurances-particuliers-auto-habitation\/assurance-vehicules-auto\/garanties-facultatives-de-lassurance-auto\/","url":"https:\/\/www.espacefinance.com\/133881bdd\/assurances-particuliers-professionnel-entreprise\/assurances-particuliers-auto-habitation\/assurance-vehicules-auto\/garanties-facultatives-de-lassurance-auto\/","name":"Garanties Facultatives Assurance Atuo","isPartOf":{"@id":"https:\/\/www.espacefinance.com\/133881bdd\/#website"},"primaryImageOfPage":{"@id":"https:\/\/www.espacefinance.com\/133881bdd\/assurances-particuliers-professionnel-entreprise\/assurances-particuliers-auto-habitation\/assurance-vehicules-auto\/garanties-facultatives-de-lassurance-auto\/#primaryimage"},"image":{"@id":"https:\/\/www.espacefinance.com\/133881bdd\/assurances-particuliers-professionnel-entreprise\/assurances-particuliers-auto-habitation\/assurance-vehicules-auto\/garanties-facultatives-de-lassurance-auto\/#primaryimage"},"thumbnailUrl":"https:\/\/www.espacefinance.com\/133881bdd\/wp-content\/uploads\/2022\/03\/assurance-@tableau-formules-auto.jpg","datePublished":"2022-03-15T16:14:05+00:00","dateModified":"2022-03-22T12:01:12+00:00","description":"L\u2019assur\u00e9 qui ne trouverait pas la garantie\u00a0responsabilit\u00e9 civile\u00a0suffisamment protectrice peut choisir de souscrire des garanties plus \u00e9tendues et se pr\u00e9munir face \u00e0 davantage de situations. Ces\u00a0options et extensions de garanties\u00a0vont automatiquement r\u00e9\u00e9valuer \u00e0 la hausse la prime d\u2019assurance auto. Elles peuvent concerner les dommages caus\u00e9s au v\u00e9hicule, des usages sp\u00e9cifiques ou couvrir les biens \u00e0 l\u2019int\u00e9rieur de la voiture.","breadcrumb":{"@id":"https:\/\/www.espacefinance.com\/133881bdd\/assurances-particuliers-professionnel-entreprise\/assurances-particuliers-auto-habitation\/assurance-vehicules-auto\/garanties-facultatives-de-lassurance-auto\/#breadcrumb"},"inLanguage":"fr-FR","potentialAction":[{"@type":"ReadAction","target":["https:\/\/www.espacefinance.com\/133881bdd\/assurances-particuliers-professionnel-entreprise\/assurances-particuliers-auto-habitation\/assurance-vehicules-auto\/garanties-facultatives-de-lassurance-auto\/"]}]},{"@type":"ImageObject","inLanguage":"fr-FR","@id":"https:\/\/www.espacefinance.com\/133881bdd\/assurances-particuliers-professionnel-entreprise\/assurances-particuliers-auto-habitation\/assurance-vehicules-auto\/garanties-facultatives-de-lassurance-auto\/#primaryimage","url":"https:\/\/www.espacefinance.com\/133881bdd\/wp-content\/uploads\/2022\/03\/assurance-@tableau-formules-auto.jpg","contentUrl":"https:\/\/www.espacefinance.com\/133881bdd\/wp-content\/uploads\/2022\/03\/assurance-@tableau-formules-auto.jpg","width":799,"height":328,"caption":"Formules assurances auto"},{"@type":"BreadcrumbList","@id":"https:\/\/www.espacefinance.com\/133881bdd\/assurances-particuliers-professionnel-entreprise\/assurances-particuliers-auto-habitation\/assurance-vehicules-auto\/garanties-facultatives-de-lassurance-auto\/#breadcrumb","itemListElement":[{"@type":"ListItem","position":1,"name":"Accueil","item":"https:\/\/www.espacefinance.com\/133881bdd\/"},{"@type":"ListItem","position":2,"name":"Courtage en Assurances","item":"https:\/\/www.espacefinance.com\/133881bdd\/assurances-particuliers-professionnel-entreprise\/"},{"@type":"ListItem","position":3,"name":"Assurances pour les particuliers","item":"https:\/\/www.espacefinance.com\/133881bdd\/assurances-particuliers-professionnel-entreprise\/assurances-particuliers-auto-habitation\/"},{"@type":"ListItem","position":4,"name":"V\u00e9hicules","item":"https:\/\/www.espacefinance.com\/133881bdd\/assurances-particuliers-professionnel-entreprise\/assurances-particuliers-auto-habitation\/assurance-vehicules-auto\/"},{"@type":"ListItem","position":5,"name":"Garanties facultatives de l&rsquo;assurance auto"}]},{"@type":"WebSite","@id":"https:\/\/www.espacefinance.com\/133881bdd\/#website","url":"https:\/\/www.espacefinance.com\/133881bdd\/","name":"N\u00eemes - Cr\u00e9dit Immobilier &amp; Assurances","description":"Notre expertise \u00e0 votre service en toute transparence","publisher":{"@id":"https:\/\/www.espacefinance.com\/133881bdd\/#organization"},"potentialAction":[{"@type":"SearchAction","target":{"@type":"EntryPoint","urlTemplate":"https:\/\/www.espacefinance.com\/133881bdd\/?s={search_term_string}"},"query-input":{"@type":"PropertyValueSpecification","valueRequired":true,"valueName":"search_term_string"}}],"inLanguage":"fr-FR"},{"@type":"Organization","@id":"https:\/\/www.espacefinance.com\/133881bdd\/#organization","name":"ESPACE FINANCE LP","url":"https:\/\/www.espacefinance.com\/133881bdd\/","logo":{"@type":"ImageObject","inLanguage":"fr-FR","@id":"https:\/\/www.espacefinance.com\/133881bdd\/#\/schema\/logo\/image\/","url":"https:\/\/www.espacefinance.com\/133881bdd\/wp-content\/uploads\/2022\/03\/LOGO-ESFI-YMANCI-022022.jpg","contentUrl":"https:\/\/www.espacefinance.com\/133881bdd\/wp-content\/uploads\/2022\/03\/LOGO-ESFI-YMANCI-022022.jpg","width":1273,"height":710,"caption":"ESPACE FINANCE LP"},"image":{"@id":"https:\/\/www.espacefinance.com\/133881bdd\/#\/schema\/logo\/image\/"},"sameAs":["https:\/\/www.facebook.com\/ymanci.credit.immobilier.assurance","https:\/\/x.com\/YMANCI_NIMES","https:\/\/www.instagram.com\/espacefinancelp_ymanci_nimes\/?hl=fr","https:\/\/www.linkedin.com\/showcase\/ymanci-nmes\/","https:\/\/www.youtube.com\/channel\/UC1PRm7p_QVdRMUaS_Hq6zwA"]}]}},"_links":{"self":[{"href":"https:\/\/www.espacefinance.com\/133881bdd\/wp-json\/wp\/v2\/pages\/1283","targetHints":{"allow":["GET"]}}],"collection":[{"href":"https:\/\/www.espacefinance.com\/133881bdd\/wp-json\/wp\/v2\/pages"}],"about":[{"href":"https:\/\/www.espacefinance.com\/133881bdd\/wp-json\/wp\/v2\/types\/page"}],"author":[{"embeddable":true,"href":"https:\/\/www.espacefinance.com\/133881bdd\/wp-json\/wp\/v2\/users\/1"}],"replies":[{"embeddable":true,"href":"https:\/\/www.espacefinance.com\/133881bdd\/wp-json\/wp\/v2\/comments?post=1283"}],"version-history":[{"count":0,"href":"https:\/\/www.espacefinance.com\/133881bdd\/wp-json\/wp\/v2\/pages\/1283\/revisions"}],"up":[{"embeddable":true,"href":"https:\/\/www.espacefinance.com\/133881bdd\/wp-json\/wp\/v2\/pages\/1275"}],"wp:featuredmedia":[{"embeddable":true,"href":"https:\/\/www.espacefinance.com\/133881bdd\/wp-json\/wp\/v2\/media\/1284"}],"wp:attachment":[{"href":"https:\/\/www.espacefinance.com\/133881bdd\/wp-json\/wp\/v2\/media?parent=1283"}],"curies":[{"name":"wp","href":"https:\/\/api.w.org\/{rel}","templated":true}]}}